{"id":1027,"date":"2025-04-02T09:14:33","date_gmt":"2025-04-02T07:14:33","guid":{"rendered":"https:\/\/www.agricolalolmo.it\/?page_id=1027"},"modified":"2025-09-29T15:24:08","modified_gmt":"2025-09-29T13:24:08","slug":"home","status":"publish","type":"page","link":"https:\/\/www.agricolalolmo.it\/en\/","title":{"rendered":"Home"},"content":{"rendered":"\t\t<div data-elementor-type=\"wp-page\" data-elementor-id=\"1027\" class=\"elementor elementor-1027\" data-elementor-post-type=\"page\">\n\t\t\t\t<div class=\"elementor-element elementor-element-3c4bd21 e-flex e-con-boxed e-con e-parent\" data-id=\"3c4bd21\" data-element_type=\"container\" data-e-type=\"container\" data-settings=\"{&quot;background_background&quot;:&quot;video&quot;,&quot;background_video_link&quot;:&quot;https:\\\/\\\/www.agricolalolmo.it\\\/wp-content\\\/uploads\\\/2025\\\/09\\\/olmo-video-intro.mp4&quot;,&quot;background_play_on_mobile&quot;:&quot;yes&quot;,&quot;background_privacy_mode&quot;:&quot;yes&quot;}\">\n\t\t\t\t\t<div class=\"e-con-inner\">\n\t\t<div class=\"elementor-background-video-container\">\n\t\t\t\t\t\t\t<video class=\"elementor-background-video-hosted\" role=\"presentation\" autoplay muted playsinline loop><\/video>\n\t\t\t\t\t<\/div>\t\t<div class=\"elementor-element elementor-element-8078d2d elementor-widget elementor-widget-heading\" data-id=\"8078d2d\" data-element_type=\"widget\" data-e-type=\"widget\" data-widget_type=\"heading.default\">\n\t\t\t\t<div class=\"elementor-widget-container\">\n\t\t\t\t\t<h2 class=\"elementor-heading-title elementor-size-default\">Produttori per natura<\/h2>\t\t\t\t<\/div>\n\t\t\t\t<\/div>\n\t\t\t\t\t<\/div>\n\t\t\t\t<\/div>\n\t\t<div class=\"elementor-element elementor-element-e583e06 e-flex e-con-boxed e-con e-parent\" data-id=\"e583e06\" data-element_type=\"container\" data-e-type=\"container\">\n\t\t\t\t\t<div class=\"e-con-inner\">\n\t\t<div class=\"elementor-element elementor-element-1b604d5 e-con-full e-flex e-con e-child\" data-id=\"1b604d5\" data-element_type=\"container\" data-e-type=\"container\">\n\t\t\t\t<div class=\"elementor-element elementor-element-8e95596 elementor-hidden-mobile elementor-widget elementor-widget-image\" data-id=\"8e95596\" data-element_type=\"widget\" data-e-type=\"widget\" data-widget_type=\"image.default\">\n\t\t\t\t<div class=\"elementor-widget-container\">\n\t\t\t\t\t\t\t\t\t\t\t\t\t\t\t<img fetchpriority=\"high\" decoding=\"async\" width=\"700\" height=\"500\" src=\"https:\/\/www.agricolalolmo.it\/wp-content\/uploads\/2025\/04\/chi-siamo.jpg\" class=\"attachment-full size-full wp-image-1990\" alt=\"Agricola L&#039;olmo\" srcset=\"https:\/\/www.agricolalolmo.it\/wp-content\/uploads\/2025\/04\/chi-siamo.jpg 700w, https:\/\/www.agricolalolmo.it\/wp-content\/uploads\/2025\/04\/chi-siamo-300x214.jpg 300w, https:\/\/www.agricolalolmo.it\/wp-content\/uploads\/2025\/04\/chi-siamo-600x429.jpg 600w\" sizes=\"(max-width: 700px) 100vw, 700px\" \/>\t\t\t\t\t\t\t\t\t\t\t\t\t\t\t<\/div>\n\t\t\t\t<\/div>\n\t\t\t\t<div class=\"elementor-element elementor-element-afd65a8 elementor-hidden-mobile elementor-widget elementor-widget-image\" data-id=\"afd65a8\" data-element_type=\"widget\" data-e-type=\"widget\" data-widget_type=\"image.default\">\n\t\t\t\t<div class=\"elementor-widget-container\">\n\t\t\t\t\t\t\t\t\t\t\t\t\t\t\t<img decoding=\"async\" width=\"300\" height=\"300\" src=\"https:\/\/www.agricolalolmo.it\/wp-content\/uploads\/2025\/04\/fragole-pianta.jpg\" class=\"attachment-full size-full wp-image-1387\" alt=\"\" srcset=\"https:\/\/www.agricolalolmo.it\/wp-content\/uploads\/2025\/04\/fragole-pianta.jpg 300w, https:\/\/www.agricolalolmo.it\/wp-content\/uploads\/2025\/04\/fragole-pianta-150x150.jpg 150w, https:\/\/www.agricolalolmo.it\/wp-content\/uploads\/2025\/04\/fragole-pianta-100x100.jpg 100w\" sizes=\"(max-width: 300px) 100vw, 300px\" \/>\t\t\t\t\t\t\t\t\t\t\t\t\t\t\t<\/div>\n\t\t\t\t<\/div>\n\t\t\t\t<\/div>\n\t\t<div class=\"elementor-element elementor-element-b800ee8 e-con-full e-flex e-con e-child\" data-id=\"b800ee8\" data-element_type=\"container\" data-e-type=\"container\">\n\t\t\t\t<div class=\"elementor-element elementor-element-02a1434 elementor-position-inline-start elementor-mobile-position-inline-start elementor-view-default elementor-widget elementor-widget-icon-box\" data-id=\"02a1434\" data-element_type=\"widget\" data-e-type=\"widget\" data-widget_type=\"icon-box.default\">\n\t\t\t\t<div class=\"elementor-widget-container\">\n\t\t\t\t\t\t\t<div class=\"elementor-icon-box-wrapper\">\n\n\t\t\t\t\t\t<div class=\"elementor-icon-box-icon\">\n\t\t\t\t<span  class=\"elementor-icon\">\n\t\t\t\t<svg aria-hidden=\"true\" class=\"e-font-icon-svg e-fas-leaf\" viewBox=\"0 0 576 512\" xmlns=\"http:\/\/www.w3.org\/2000\/svg\"><path d=\"M546.2 9.7c-5.6-12.5-21.6-13-28.3-1.2C486.9 62.4 431.4 96 368 96h-80C182 96 96 182 96 288c0 7 .8 13.7 1.5 20.5C161.3 262.8 253.4 224 384 224c8.8 0 16 7.2 16 16s-7.2 16-16 16C132.6 256 26 410.1 2.4 468c-6.6 16.3 1.2 34.9 17.5 41.6 16.4 6.8 35-1.1 41.8-17.3 1.5-3.6 20.9-47.9 71.9-90.6 32.4 43.9 94 85.8 174.9 77.2C465.5 467.5 576 326.7 576 154.3c0-50.2-10.8-102.2-29.8-144.6z\"><\/path><\/svg>\t\t\t\t<\/span>\n\t\t\t<\/div>\n\t\t\t\n\t\t\t\t\t\t<div class=\"elementor-icon-box-content\">\n\n\t\t\t\t\t\t\t\t\t<p class=\"elementor-icon-box-title\">\n\t\t\t\t\t\t<span  >\n\t\t\t\t\t\t\tChi siamo\t\t\t\t\t\t<\/span>\n\t\t\t\t\t<\/p>\n\t\t\t\t\n\t\t\t\t\n\t\t\t<\/div>\n\t\t\t\n\t\t<\/div>\n\t\t\t\t\t\t<\/div>\n\t\t\t\t<\/div>\n\t\t\t\t<div class=\"elementor-element elementor-element-7a1389f elementor-widget elementor-widget-text-editor\" data-id=\"7a1389f\" data-element_type=\"widget\" data-e-type=\"widget\" data-widget_type=\"text-editor.default\">\n\t\t\t\t<div class=\"elementor-widget-container\">\n\t\t\t\t\t\t\t\t\t<p class=\"p1\">L\u2019<b>Azienda Agricola l\u2019Olmo<\/b> \u00e8 un angolo di mondo dove il tempo segue ancora il passo della natura. Ai piedi del Monviso, tra Revello e Martiniana Po, <b>Andrea<\/b> e <b>Stefania<\/b> coltivano la terra con mani gentili e cuore aperto, intrecciando saperi antichi e amore per il futuro.<\/p><p class=\"p1\"><strong>Fragole<\/strong>, <strong>mirtilli<\/strong>, <strong>mele<\/strong>, <strong>pere<\/strong>, <strong>nocciole<\/strong>, <strong>patate<\/strong> e <strong>grani antichi<\/strong> crescono seguendo le stagioni, senza forzature, nutriti solo da ci\u00f2 che \u00e8 essenziale: acqua pulita, sole, terra viva. Tutto nasce da un\u2019<strong>agricoltura biologica<\/strong> sincera, che non \u00e8 solo una scelta tecnica, ma una dichiarazione d\u2019amore: per la terra, per chi mangia, per le loro bambine che giocano tra i filari e imparano dal silenzio dei campi.<\/p><p class=\"p1\">I frutti diventano <strong>succhi<\/strong>, <b>confetture<\/b>. Oppure vengono raccolti e offerti <strong>freschi<\/strong>, solo quando la natura li matura con il suo tempo, l\u2019unico tempo che valga la pena ascoltare.<\/p>\t\t\t\t\t\t\t\t<\/div>\n\t\t\t\t<\/div>\n\t\t\t\t<div class=\"elementor-element elementor-element-5bac96d elementor-widget elementor-widget-text-editor\" data-id=\"5bac96d\" data-element_type=\"widget\" data-e-type=\"widget\" data-widget_type=\"text-editor.default\">\n\t\t\t\t<div class=\"elementor-widget-container\">\n\t\t\t\t\t\t\t\t\t<p>&#8220;Coltivare non \u00e8 solo produrre cibo: \u00e8 custodire la vita. <br \/>\u00c8 credere che mangiare bene sia il primo gesto per volersi bene.&#8221;<\/p>\t\t\t\t\t\t\t\t<\/div>\n\t\t\t\t<\/div>\n\t\t\t\t<div class=\"elementor-element elementor-element-e34a977 elementor-widget elementor-widget-text-editor\" data-id=\"e34a977\" data-element_type=\"widget\" data-e-type=\"widget\" data-widget_type=\"text-editor.default\">\n\t\t\t\t<div class=\"elementor-widget-container\">\n\t\t\t\t\t\t\t\t\t<p>Andrea e Stefania<\/p>\t\t\t\t\t\t\t\t<\/div>\n\t\t\t\t<\/div>\n\t\t\t\t<div class=\"elementor-element elementor-element-8e1f04f elementor-widget elementor-widget-button\" data-id=\"8e1f04f\" data-element_type=\"widget\" data-e-type=\"widget\" data-widget_type=\"button.default\">\n\t\t\t\t<div class=\"elementor-widget-container\">\n\t\t\t\t\t\t\t\t\t<div class=\"elementor-button-wrapper\">\n\t\t\t\t\t<a class=\"elementor-button elementor-button-link elementor-size-sm\" href=\"\/chi-siamo\/\">\n\t\t\t\t\t\t<span class=\"elementor-button-content-wrapper\">\n\t\t\t\t\t\t<span class=\"elementor-button-icon\">\n\t\t\t\t<svg aria-hidden=\"true\" class=\"e-font-icon-svg e-fas-arrow-right\" viewBox=\"0 0 448 512\" xmlns=\"http:\/\/www.w3.org\/2000\/svg\"><path d=\"M190.5 66.9l22.2-22.2c9.4-9.4 24.6-9.4 33.9 0L441 239c9.4 9.4 9.4 24.6 0 33.9L246.6 467.3c-9.4 9.4-24.6 9.4-33.9 0l-22.2-22.2c-9.5-9.5-9.3-25 .4-34.3L311.4 296H24c-13.3 0-24-10.7-24-24v-32c0-13.3 10.7-24 24-24h287.4L190.9 101.2c-9.8-9.3-10-24.8-.4-34.3z\"><\/path><\/svg>\t\t\t<\/span>\n\t\t\t\t\t\t\t\t\t<span class=\"elementor-button-text\">Leggi di pi\u00f9<\/span>\n\t\t\t\t\t<\/span>\n\t\t\t\t\t<\/a>\n\t\t\t\t<\/div>\n\t\t\t\t\t\t\t\t<\/div>\n\t\t\t\t<\/div>\n\t\t\t\t<\/div>\n\t\t\t\t\t<\/div>\n\t\t\t\t<\/div>\n\t\t<div class=\"elementor-element elementor-element-fe16172 e-flex e-con-boxed e-con e-parent\" data-id=\"fe16172\" data-element_type=\"container\" data-e-type=\"container\" data-settings=\"{&quot;background_background&quot;:&quot;classic&quot;}\">\n\t\t\t\t\t<div class=\"e-con-inner\">\n\t\t\t\t<div class=\"elementor-element elementor-element-23c7d15 elementor-widget elementor-widget-image\" data-id=\"23c7d15\" data-element_type=\"widget\" data-e-type=\"widget\" data-widget_type=\"image.default\">\n\t\t\t\t<div class=\"elementor-widget-container\">\n\t\t\t\t\t\t\t\t\t\t\t\t\t\t\t<img decoding=\"async\" width=\"800\" height=\"276\" src=\"https:\/\/www.agricolalolmo.it\/wp-content\/uploads\/2025\/09\/revello-banner.png\" class=\"attachment-full size-full wp-image-2373\" alt=\"Agricola l&#039;Olmo - Revello\" srcset=\"https:\/\/www.agricolalolmo.it\/wp-content\/uploads\/2025\/09\/revello-banner.png 800w, https:\/\/www.agricolalolmo.it\/wp-content\/uploads\/2025\/09\/revello-banner-300x104.png 300w, https:\/\/www.agricolalolmo.it\/wp-content\/uploads\/2025\/09\/revello-banner-768x265.png 768w, https:\/\/www.agricolalolmo.it\/wp-content\/uploads\/2025\/09\/revello-banner-18x6.png 18w, https:\/\/www.agricolalolmo.it\/wp-content\/uploads\/2025\/09\/revello-banner-600x207.png 600w\" sizes=\"(max-width: 800px) 100vw, 800px\" \/>\t\t\t\t\t\t\t\t\t\t\t\t\t\t\t<\/div>\n\t\t\t\t<\/div>\n\t\t\t\t\t<\/div>\n\t\t\t\t<\/div>\n\t\t<div class=\"elementor-element elementor-element-091627f e-flex e-con-boxed e-con e-parent\" data-id=\"091627f\" data-element_type=\"container\" data-e-type=\"container\" data-settings=\"{&quot;background_background&quot;:&quot;classic&quot;}\">\n\t\t\t\t\t<div class=\"e-con-inner\">\n\t\t<div class=\"elementor-element elementor-element-5f40def e-con-full e-flex e-con e-child\" data-id=\"5f40def\" data-element_type=\"container\" data-e-type=\"container\">\n\t\t\t\t<div class=\"elementor-element elementor-element-da9c735 elementor-position-inline-start elementor-mobile-position-inline-start elementor-view-default elementor-widget elementor-widget-icon-box\" data-id=\"da9c735\" data-element_type=\"widget\" data-e-type=\"widget\" data-widget_type=\"icon-box.default\">\n\t\t\t\t<div class=\"elementor-widget-container\">\n\t\t\t\t\t\t\t<div class=\"elementor-icon-box-wrapper\">\n\n\t\t\t\t\t\t<div class=\"elementor-icon-box-icon\">\n\t\t\t\t<span  class=\"elementor-icon\">\n\t\t\t\t<svg aria-hidden=\"true\" class=\"e-font-icon-svg e-fas-leaf\" viewBox=\"0 0 576 512\" xmlns=\"http:\/\/www.w3.org\/2000\/svg\"><path d=\"M546.2 9.7c-5.6-12.5-21.6-13-28.3-1.2C486.9 62.4 431.4 96 368 96h-80C182 96 96 182 96 288c0 7 .8 13.7 1.5 20.5C161.3 262.8 253.4 224 384 224c8.8 0 16 7.2 16 16s-7.2 16-16 16C132.6 256 26 410.1 2.4 468c-6.6 16.3 1.2 34.9 17.5 41.6 16.4 6.8 35-1.1 41.8-17.3 1.5-3.6 20.9-47.9 71.9-90.6 32.4 43.9 94 85.8 174.9 77.2C465.5 467.5 576 326.7 576 154.3c0-50.2-10.8-102.2-29.8-144.6z\"><\/path><\/svg>\t\t\t\t<\/span>\n\t\t\t<\/div>\n\t\t\t\n\t\t\t\t\t\t<div class=\"elementor-icon-box-content\">\n\n\t\t\t\t\t\t\t\t\t<p class=\"elementor-icon-box-title\">\n\t\t\t\t\t\t<span  >\n\t\t\t\t\t\t\tLa nostra mission\t\t\t\t\t\t<\/span>\n\t\t\t\t\t<\/p>\n\t\t\t\t\n\t\t\t\t\n\t\t\t<\/div>\n\t\t\t\n\t\t<\/div>\n\t\t\t\t\t\t<\/div>\n\t\t\t\t<\/div>\n\t\t\t\t<div class=\"elementor-element elementor-element-5e1e6c6 elementor-widget elementor-widget-heading\" data-id=\"5e1e6c6\" data-element_type=\"widget\" data-e-type=\"widget\" data-widget_type=\"heading.default\">\n\t\t\t\t<div class=\"elementor-widget-container\">\n\t\t\t\t\t<h2 class=\"elementor-heading-title elementor-size-default\">Radici nel Presente, Sguardo al Futuro<\/h2>\t\t\t\t<\/div>\n\t\t\t\t<\/div>\n\t\t<div class=\"elementor-element elementor-element-d8bdd58 e-grid e-con-full e-con e-child\" data-id=\"d8bdd58\" data-element_type=\"container\" data-e-type=\"container\">\n\t\t\t\t<div class=\"elementor-element elementor-element-8f920aa elementor-view-default elementor-position-block-start elementor-mobile-position-block-start elementor-widget elementor-widget-icon-box\" data-id=\"8f920aa\" data-element_type=\"widget\" data-e-type=\"widget\" data-widget_type=\"icon-box.default\">\n\t\t\t\t<div class=\"elementor-widget-container\">\n\t\t\t\t\t\t\t<div class=\"elementor-icon-box-wrapper\">\n\n\t\t\t\t\t\t<div class=\"elementor-icon-box-icon\">\n\t\t\t\t<span  class=\"elementor-icon\">\n\t\t\t\t<i aria-hidden=\"true\" class=\"icon icon-cura\"><\/i>\t\t\t\t<\/span>\n\t\t\t<\/div>\n\t\t\t\n\t\t\t\t\t\t<div class=\"elementor-icon-box-content\">\n\n\t\t\t\t\t\t\t\t\t<h3 class=\"elementor-icon-box-title\">\n\t\t\t\t\t\t<span  >\n\t\t\t\t\t\t\tCura\t\t\t\t\t\t<\/span>\n\t\t\t\t\t<\/h3>\n\t\t\t\t\n\t\t\t\t\t\t\t\t\t<p class=\"elementor-icon-box-description\">\n\t\t\t\t\t\tOgni gesto agricolo \u00e8 attenzione,<br> rispetto e amore per la terra <br>e per chi verr\u00e0.\n\t\t\t\t\t<\/p>\n\t\t\t\t\n\t\t\t<\/div>\n\t\t\t\n\t\t<\/div>\n\t\t\t\t\t\t<\/div>\n\t\t\t\t<\/div>\n\t\t\t\t<div class=\"elementor-element elementor-element-52eb4b1 elementor-view-default elementor-position-block-start elementor-mobile-position-block-start elementor-widget elementor-widget-icon-box\" data-id=\"52eb4b1\" data-element_type=\"widget\" data-e-type=\"widget\" data-widget_type=\"icon-box.default\">\n\t\t\t\t<div class=\"elementor-widget-container\">\n\t\t\t\t\t\t\t<div class=\"elementor-icon-box-wrapper\">\n\n\t\t\t\t\t\t<div class=\"elementor-icon-box-icon\">\n\t\t\t\t<span  class=\"elementor-icon\">\n\t\t\t\t<i aria-hidden=\"true\" class=\"icon icon-time\"><\/i>\t\t\t\t<\/span>\n\t\t\t<\/div>\n\t\t\t\n\t\t\t\t\t\t<div class=\"elementor-icon-box-content\">\n\n\t\t\t\t\t\t\t\t\t<h3 class=\"elementor-icon-box-title\">\n\t\t\t\t\t\t<span  >\n\t\t\t\t\t\t\tTempo\t\t\t\t\t\t<\/span>\n\t\t\t\t\t<\/h3>\n\t\t\t\t\n\t\t\t\t\t\t\t\t\t<p class=\"elementor-icon-box-description\">\n\t\t\t\t\t\tI raccolti seguono le stagioni: <br>niente fretta, solo il ritmo naturale <br>della vita.\n\t\t\t\t\t<\/p>\n\t\t\t\t\n\t\t\t<\/div>\n\t\t\t\n\t\t<\/div>\n\t\t\t\t\t\t<\/div>\n\t\t\t\t<\/div>\n\t\t\t\t<div class=\"elementor-element elementor-element-012882a elementor-view-default elementor-position-block-start elementor-mobile-position-block-start elementor-widget elementor-widget-icon-box\" data-id=\"012882a\" data-element_type=\"widget\" data-e-type=\"widget\" data-widget_type=\"icon-box.default\">\n\t\t\t\t<div class=\"elementor-widget-container\">\n\t\t\t\t\t\t\t<div class=\"elementor-icon-box-wrapper\">\n\n\t\t\t\t\t\t<div class=\"elementor-icon-box-icon\">\n\t\t\t\t<span  class=\"elementor-icon\">\n\t\t\t\t<i aria-hidden=\"true\" class=\"icon icon-futuro\"><\/i>\t\t\t\t<\/span>\n\t\t\t<\/div>\n\t\t\t\n\t\t\t\t\t\t<div class=\"elementor-icon-box-content\">\n\n\t\t\t\t\t\t\t\t\t<h3 class=\"elementor-icon-box-title\">\n\t\t\t\t\t\t<span  >\n\t\t\t\t\t\t\tFuturo\t\t\t\t\t\t<\/span>\n\t\t\t\t\t<\/h3>\n\t\t\t\t\n\t\t\t\t\t\t\t\t\t<p class=\"elementor-icon-box-description\">\n\t\t\t\t\t\tColtivare biologico \u00e8 proteggere l\u2019ambiente e offrire un domani sano alle nuove generazioni.\n\n\t\t\t\t\t<\/p>\n\t\t\t\t\n\t\t\t<\/div>\n\t\t\t\n\t\t<\/div>\n\t\t\t\t\t\t<\/div>\n\t\t\t\t<\/div>\n\t\t\t\t<div class=\"elementor-element elementor-element-aa36520 elementor-view-default elementor-position-block-start elementor-mobile-position-block-start elementor-widget elementor-widget-icon-box\" data-id=\"aa36520\" data-element_type=\"widget\" data-e-type=\"widget\" data-widget_type=\"icon-box.default\">\n\t\t\t\t<div class=\"elementor-widget-container\">\n\t\t\t\t\t\t\t<div class=\"elementor-icon-box-wrapper\">\n\n\t\t\t\t\t\t<div class=\"elementor-icon-box-icon\">\n\t\t\t\t<span  class=\"elementor-icon\">\n\t\t\t\t<i aria-hidden=\"true\" class=\"icon icon-benessere\"><\/i>\t\t\t\t<\/span>\n\t\t\t<\/div>\n\t\t\t\n\t\t\t\t\t\t<div class=\"elementor-icon-box-content\">\n\n\t\t\t\t\t\t\t\t\t<h3 class=\"elementor-icon-box-title\">\n\t\t\t\t\t\t<span  >\n\t\t\t\t\t\t\tBenessere\t\t\t\t\t\t<\/span>\n\t\t\t\t\t<\/h3>\n\t\t\t\t\n\t\t\t\t\t\t\t\t\t<p class=\"elementor-icon-box-description\">\n\t\t\t\t\t\tIl buon cibo nutre corpo e spirito: <br>\u00e8 il primo passo per vivere meglio.\n\t\t\t\t\t<\/p>\n\t\t\t\t\n\t\t\t<\/div>\n\t\t\t\n\t\t<\/div>\n\t\t\t\t\t\t<\/div>\n\t\t\t\t<\/div>\n\t\t\t\t<\/div>\n\t\t\t\t<\/div>\n\t\t\t\t\t<\/div>\n\t\t\t\t<\/div>\n\t\t<div class=\"elementor-element elementor-element-85552e3 e-con-full e-flex e-con e-parent\" data-id=\"85552e3\" data-element_type=\"container\" data-e-type=\"container\" data-settings=\"{&quot;background_background&quot;:&quot;classic&quot;}\">\n\t\t\t\t<div class=\"elementor-element elementor-element-489b463 elementor-widget elementor-widget-image\" data-id=\"489b463\" data-element_type=\"widget\" data-e-type=\"widget\" data-widget_type=\"image.default\">\n\t\t\t\t<div class=\"elementor-widget-container\">\n\t\t\t\t\t\t\t\t\t\t\t\t\t\t\t<img loading=\"lazy\" decoding=\"async\" width=\"1920\" height=\"700\" src=\"https:\/\/www.agricolalolmo.it\/wp-content\/uploads\/2025\/04\/monviso-dall-agricola-l-olmo.jpg\" class=\"attachment-full size-full wp-image-1050\" alt=\"Monviso dall&#039;agricola l&#039;olmo\" srcset=\"https:\/\/www.agricolalolmo.it\/wp-content\/uploads\/2025\/04\/monviso-dall-agricola-l-olmo.jpg 1920w, https:\/\/www.agricolalolmo.it\/wp-content\/uploads\/2025\/04\/monviso-dall-agricola-l-olmo-300x109.jpg 300w, https:\/\/www.agricolalolmo.it\/wp-content\/uploads\/2025\/04\/monviso-dall-agricola-l-olmo-1024x373.jpg 1024w, https:\/\/www.agricolalolmo.it\/wp-content\/uploads\/2025\/04\/monviso-dall-agricola-l-olmo-768x280.jpg 768w, https:\/\/www.agricolalolmo.it\/wp-content\/uploads\/2025\/04\/monviso-dall-agricola-l-olmo-1536x560.jpg 1536w, https:\/\/www.agricolalolmo.it\/wp-content\/uploads\/2025\/04\/monviso-dall-agricola-l-olmo-600x219.jpg 600w\" sizes=\"(max-width: 1920px) 100vw, 1920px\" \/>\t\t\t\t\t\t\t\t\t\t\t\t\t\t\t<\/div>\n\t\t\t\t<\/div>\n\t\t\t\t<\/div>\n\t\t<div class=\"elementor-element elementor-element-4f22047 e-flex e-con-boxed e-con e-parent\" data-id=\"4f22047\" data-element_type=\"container\" data-e-type=\"container\" data-settings=\"{&quot;background_background&quot;:&quot;classic&quot;}\">\n\t\t\t\t\t<div class=\"e-con-inner\">\n\t\t\t\t<div class=\"elementor-element elementor-element-3080904 elementor-position-inline-start elementor-view-default elementor-mobile-position-block-start elementor-widget elementor-widget-icon-box\" data-id=\"3080904\" data-element_type=\"widget\" data-e-type=\"widget\" data-widget_type=\"icon-box.default\">\n\t\t\t\t<div class=\"elementor-widget-container\">\n\t\t\t\t\t\t\t<div class=\"elementor-icon-box-wrapper\">\n\n\t\t\t\t\t\t<div class=\"elementor-icon-box-icon\">\n\t\t\t\t<span  class=\"elementor-icon\">\n\t\t\t\t<i aria-hidden=\"true\" class=\"icon icon-territorio\"><\/i>\t\t\t\t<\/span>\n\t\t\t<\/div>\n\t\t\t\n\t\t\t\t\t\t<div class=\"elementor-icon-box-content\">\n\n\t\t\t\t\t\t\t\t\t<h3 class=\"elementor-icon-box-title\">\n\t\t\t\t\t\t<span  >\n\t\t\t\t\t\t\tUn territorio generoso e autentico\t\t\t\t\t\t<\/span>\n\t\t\t\t\t<\/h3>\n\t\t\t\t\n\t\t\t\t\n\t\t\t<\/div>\n\t\t\t\n\t\t<\/div>\n\t\t\t\t\t\t<\/div>\n\t\t\t\t<\/div>\n\t\t\t\t<div class=\"elementor-element elementor-element-fc95211 elementor-widget elementor-widget-text-editor\" data-id=\"fc95211\" data-element_type=\"widget\" data-e-type=\"widget\" data-widget_type=\"text-editor.default\">\n\t\t\t\t<div class=\"elementor-widget-container\">\n\t\t\t\t\t\t\t\t\t<p class=\"p1\">L\u2019<b>Azienda Agricola l\u2019Olmo<\/b> si trova ai piedi del Monviso, tra Revello e Martiniana Po: un paesaggio che unisce la forza della montagna alla dolcezza della pianura. Qui, la terra \u00e8 fertile, l\u2019aria pulita e l\u2019acqua abbondante, un equilibrio naturale perfetto per coltivare in modo sano e sostenibile.<\/p>\t\t\t\t\t\t\t\t<\/div>\n\t\t\t\t<\/div>\n\t\t\t\t<div class=\"elementor-element elementor-element-494eebd elementor-position-inline-start elementor-view-default elementor-mobile-position-block-start elementor-widget elementor-widget-icon-box\" data-id=\"494eebd\" data-element_type=\"widget\" data-e-type=\"widget\" data-widget_type=\"icon-box.default\">\n\t\t\t\t<div class=\"elementor-widget-container\">\n\t\t\t\t\t\t\t<div class=\"elementor-icon-box-wrapper\">\n\n\t\t\t\t\t\t<div class=\"elementor-icon-box-icon\">\n\t\t\t\t<span  class=\"elementor-icon\">\n\t\t\t\t<i aria-hidden=\"true\" class=\"icon icon-seminare\"><\/i>\t\t\t\t<\/span>\n\t\t\t<\/div>\n\t\t\t\n\t\t\t\t\t\t<div class=\"elementor-icon-box-content\">\n\n\t\t\t\t\t\t\t\t\t<h3 class=\"elementor-icon-box-title\">\n\t\t\t\t\t\t<span  >\n\t\t\t\t\t\t\tColtivare dove la natura parla ancora\t\t\t\t\t\t<\/span>\n\t\t\t\t\t<\/h3>\n\t\t\t\t\n\t\t\t\t\n\t\t\t<\/div>\n\t\t\t\n\t\t<\/div>\n\t\t\t\t\t\t<\/div>\n\t\t\t\t<\/div>\n\t\t\t\t<div class=\"elementor-element elementor-element-b4db572 elementor-widget elementor-widget-text-editor\" data-id=\"b4db572\" data-element_type=\"widget\" data-e-type=\"widget\" data-widget_type=\"text-editor.default\">\n\t\t\t\t<div class=\"elementor-widget-container\">\n\t\t\t\t\t\t\t\t\t<p class=\"p1\">Lavorare in queste zone significa rispettare un territorio che ha una lunga tradizione agricola e un\u2019identit\u00e0 forte. <br \/>\u00c8 una scelta di radici, di resistenza e di valore: perch\u00e9 coltivare qui non \u00e8 solo produrre, \u00e8 custodire un paesaggio, una cultura e un modo di vivere.<\/p>\t\t\t\t\t\t\t\t<\/div>\n\t\t\t\t<\/div>\n\t\t\t\t\t<\/div>\n\t\t\t\t<\/div>\n\t\t<div class=\"elementor-element elementor-element-751c2dd e-flex e-con-boxed e-con e-parent\" data-id=\"751c2dd\" data-element_type=\"container\" data-e-type=\"container\" data-settings=\"{&quot;background_background&quot;:&quot;classic&quot;}\">\n\t\t\t\t\t<div class=\"e-con-inner\">\n\t\t\t\t<div class=\"elementor-element elementor-element-5345d56 elementor-position-inline-start elementor-mobile-position-inline-start elementor-view-default elementor-widget elementor-widget-icon-box\" data-id=\"5345d56\" data-element_type=\"widget\" data-e-type=\"widget\" data-widget_type=\"icon-box.default\">\n\t\t\t\t<div class=\"elementor-widget-container\">\n\t\t\t\t\t\t\t<div class=\"elementor-icon-box-wrapper\">\n\n\t\t\t\t\t\t<div class=\"elementor-icon-box-icon\">\n\t\t\t\t<span  class=\"elementor-icon\">\n\t\t\t\t<svg aria-hidden=\"true\" class=\"e-font-icon-svg e-fas-leaf\" viewBox=\"0 0 576 512\" xmlns=\"http:\/\/www.w3.org\/2000\/svg\"><path d=\"M546.2 9.7c-5.6-12.5-21.6-13-28.3-1.2C486.9 62.4 431.4 96 368 96h-80C182 96 96 182 96 288c0 7 .8 13.7 1.5 20.5C161.3 262.8 253.4 224 384 224c8.8 0 16 7.2 16 16s-7.2 16-16 16C132.6 256 26 410.1 2.4 468c-6.6 16.3 1.2 34.9 17.5 41.6 16.4 6.8 35-1.1 41.8-17.3 1.5-3.6 20.9-47.9 71.9-90.6 32.4 43.9 94 85.8 174.9 77.2C465.5 467.5 576 326.7 576 154.3c0-50.2-10.8-102.2-29.8-144.6z\"><\/path><\/svg>\t\t\t\t<\/span>\n\t\t\t<\/div>\n\t\t\t\n\t\t\t\t\t\t<div class=\"elementor-icon-box-content\">\n\n\t\t\t\t\t\t\t\t\t<p class=\"elementor-icon-box-title\">\n\t\t\t\t\t\t<span  >\n\t\t\t\t\t\t\ti nostri prodotti\t\t\t\t\t\t<\/span>\n\t\t\t\t\t<\/p>\n\t\t\t\t\n\t\t\t\t\n\t\t\t<\/div>\n\t\t\t\n\t\t<\/div>\n\t\t\t\t\t\t<\/div>\n\t\t\t\t<\/div>\n\t\t\t\t<div class=\"elementor-element elementor-element-a8bf121 elementor-widget elementor-widget-heading\" data-id=\"a8bf121\" data-element_type=\"widget\" data-e-type=\"widget\" data-widget_type=\"heading.default\">\n\t\t\t\t<div class=\"elementor-widget-container\">\n\t\t\t\t\t<h2 class=\"elementor-heading-title elementor-size-default\">Scopri i nostri prodotti, nati dalla terra e fatti con amore.<br>Scegli il gusto vero della natura.<\/h2>\t\t\t\t<\/div>\n\t\t\t\t<\/div>\n\t\t\t\t<div class=\"woocommerce elementor-element elementor-element-1ed262d elementor-grid-4 elementor-grid-tablet-2 elementor-grid-mobile-1 elementor-widget elementor-widget-loop-grid\" data-id=\"1ed262d\" data-element_type=\"widget\" data-e-type=\"widget\" data-settings=\"{&quot;_skin&quot;:&quot;product&quot;,&quot;template_id&quot;:1518,&quot;columns&quot;:4,&quot;columns_tablet&quot;:&quot;2&quot;,&quot;columns_mobile&quot;:&quot;1&quot;,&quot;edit_handle_selector&quot;:&quot;[data-elementor-type=\\&quot;loop-item\\&quot;]&quot;,&quot;row_gap&quot;:{&quot;unit&quot;:&quot;px&quot;,&quot;size&quot;:&quot;&quot;,&quot;sizes&quot;:[]},&quot;row_gap_tablet&quot;:{&quot;unit&quot;:&quot;px&quot;,&quot;size&quot;:&quot;&quot;,&quot;sizes&quot;:[]},&quot;row_gap_mobile&quot;:{&quot;unit&quot;:&quot;px&quot;,&quot;size&quot;:&quot;&quot;,&quot;sizes&quot;:[]}}\" data-widget_type=\"loop-grid.product\">\n\t\t\t\t<div class=\"elementor-widget-container\">\n\t\t\t\t\t\t\t<div class=\"elementor-loop-container elementor-grid\" role=\"list\">\n\t\t<style id=\"loop-1518\">.elementor-1518 .elementor-element.elementor-element-f70bf62{--display:flex;--flex-direction:column;--container-widget-width:100%;--container-widget-height:initial;--container-widget-flex-grow:0;--container-widget-align-self:initial;--flex-wrap-mobile:wrap;--justify-content:space-between;}.elementor-1518 .elementor-element.elementor-element-19b558d{--display:flex;--flex-direction:column;--container-widget-width:calc( ( 1 - var( --container-widget-flex-grow ) ) * 100% );--container-widget-height:initial;--container-widget-flex-grow:0;--container-widget-align-self:initial;--flex-wrap-mobile:wrap;--justify-content:space-between;--align-items:center;--margin-top:0px;--margin-bottom:0px;--margin-left:0px;--margin-right:0px;--padding-top:0px;--padding-bottom:0px;--padding-left:0px;--padding-right:0px;}.elementor-1518 .elementor-element.elementor-element-214eb7f{--display:flex;}.elementor-1518 .elementor-element.elementor-element-bedc10f img{width:100%;}.elementor-1518 .elementor-element.elementor-element-554c813{text-align:center;}.elementor-1518 .elementor-element.elementor-element-554c813 .elementor-heading-title{font-family:\"Roboto\", Sans-serif;font-size:1.2rem;font-weight:600;line-height:1.2rem;letter-spacing:0.1px;color:#7BB421;}.elementor-1518 .elementor-element.elementor-element-554c813 > .elementor-widget-container{margin:0px 0px 0px 0px;padding:0px 0px 0px 0px;}.elementor-1518 .elementor-element.elementor-element-1af4a54{--display:flex;--margin-top:-10px;--margin-bottom:0px;--margin-left:0px;--margin-right:0px;}.elementor-1518 .elementor-element.elementor-element-c1f8f47{text-align:center;}.woocommerce .elementor-1518 .elementor-element.elementor-element-c1f8f47 .price{color:var( --e-global-color-secondary );font-family:\"Roboto\", Sans-serif;font-size:1.1rem;font-weight:600;line-height:1.1rem;letter-spacing:-0.1px;}body:not(.rtl) .elementor-1518 .elementor-element.elementor-element-c1f8f47:not(.elementor-product-price-block-yes) del{margin-right:0px;}body.rtl .elementor-1518 .elementor-element.elementor-element-c1f8f47:not(.elementor-product-price-block-yes) del{margin-left:0px;}.elementor-1518 .elementor-element.elementor-element-c1f8f47.elementor-product-price-block-yes del{margin-bottom:0px;}.elementor-1518 .elementor-element.elementor-element-c1f8f47 > .elementor-widget-container{margin:0px 0px 0px 0px;padding:0px 0px 0px 0px;}.elementor-1518 .elementor-element.elementor-element-944770e .elementor-button{font-family:\"Roboto\", Sans-serif;font-size:0.85rem;font-weight:400;letter-spacing:0.7px;fill:#FFFFFF;color:#FFFFFF;background-color:var( --e-global-color-primary );border-style:none;padding:10px 25px 10px 25px;}.elementor-1518 .elementor-element.elementor-element-944770e .elementor-button:hover, .elementor-1518 .elementor-element.elementor-element-944770e .elementor-button:focus{color:var( --e-global-color-primary );background-color:var( --e-global-color-b5652c8 );}.elementor-1518 .elementor-element.elementor-element-944770e .elementor-button:hover svg, .elementor-1518 .elementor-element.elementor-element-944770e .elementor-button:focus svg{fill:var( --e-global-color-primary );}.elementor-1518 .elementor-element.elementor-element-944770e > .elementor-widget-container{margin:0px 0px 0px 0px;}<\/style>\t\t<div data-elementor-type=\"loop-item\" data-elementor-id=\"1518\" class=\"elementor elementor-1518 e-loop-item e-loop-item-3013 post-3013 product type-product status-publish has-post-thumbnail product_cat-farine desktop-align-left tablet-align-left mobile-align-left first instock shipping-taxable purchasable product-type-variable has-default-attributes\" data-elementor-post-type=\"elementor_library\" data-custom-edit-handle=\"1\">\n\t\t\t<div class=\"elementor-element elementor-element-f70bf62 e-flex e-con-boxed e-con e-parent\" data-id=\"f70bf62\" data-element_type=\"container\" data-e-type=\"container\">\n\t\t\t\t\t<div class=\"e-con-inner\">\n\t\t<a class=\"elementor-element elementor-element-19b558d e-con-full e-flex e-con e-child\" data-id=\"19b558d\" data-element_type=\"container\" data-e-type=\"container\" href=\"https:\/\/www.agricolalolmo.it\/en\/product\/box-farina-tipo-1-di-grani-antichi\/\">\n\t\t<div class=\"elementor-element elementor-element-214eb7f e-con-full e-flex e-con e-child\" data-id=\"214eb7f\" data-element_type=\"container\" data-e-type=\"container\">\n\t\t\t\t<div class=\"elementor-element elementor-element-bedc10f elementor-widget elementor-widget-image\" data-id=\"bedc10f\" data-element_type=\"widget\" data-e-type=\"widget\" data-widget_type=\"image.default\">\n\t\t\t\t<div class=\"elementor-widget-container\">\n\t\t\t\t\t\t\t\t\t\t\t\t\t\t\t<img loading=\"lazy\" decoding=\"async\" width=\"800\" height=\"800\" src=\"https:\/\/www.agricolalolmo.it\/wp-content\/uploads\/2026\/03\/box-farina-tipo-1.jpg\" class=\"attachment-full size-full wp-image-3015\" alt=\"Box Farina Tipo 1: Agricola l&#039;Olmo\" srcset=\"https:\/\/www.agricolalolmo.it\/wp-content\/uploads\/2026\/03\/box-farina-tipo-1.jpg 800w, https:\/\/www.agricolalolmo.it\/wp-content\/uploads\/2026\/03\/box-farina-tipo-1-300x300.jpg 300w, https:\/\/www.agricolalolmo.it\/wp-content\/uploads\/2026\/03\/box-farina-tipo-1-150x150.jpg 150w, https:\/\/www.agricolalolmo.it\/wp-content\/uploads\/2026\/03\/box-farina-tipo-1-768x768.jpg 768w, https:\/\/www.agricolalolmo.it\/wp-content\/uploads\/2026\/03\/box-farina-tipo-1-12x12.jpg 12w, https:\/\/www.agricolalolmo.it\/wp-content\/uploads\/2026\/03\/box-farina-tipo-1-600x600.jpg 600w, https:\/\/www.agricolalolmo.it\/wp-content\/uploads\/2026\/03\/box-farina-tipo-1-100x100.jpg 100w\" sizes=\"(max-width: 800px) 100vw, 800px\" \/>\t\t\t\t\t\t\t\t\t\t\t\t\t\t\t<\/div>\n\t\t\t\t<\/div>\n\t\t\t\t<div class=\"elementor-element elementor-element-554c813 elementor-widget elementor-widget-woocommerce-product-title elementor-page-title elementor-widget-heading\" data-id=\"554c813\" data-element_type=\"widget\" data-e-type=\"widget\" data-widget_type=\"woocommerce-product-title.default\">\n\t\t\t\t<div class=\"elementor-widget-container\">\n\t\t\t\t\t<h3 class=\"product_title entry-title elementor-heading-title elementor-size-default\">Box Farina Tipo 1 di Grani Antichi<\/h3>\t\t\t\t<\/div>\n\t\t\t\t<\/div>\n\t\t\t\t<\/div>\n\t\t<div class=\"elementor-element elementor-element-1af4a54 e-con-full e-flex e-con e-child\" data-id=\"1af4a54\" data-element_type=\"container\" data-e-type=\"container\">\n\t\t\t\t<div class=\"elementor-element elementor-element-c1f8f47 elementor-widget elementor-widget-woocommerce-product-price\" data-id=\"c1f8f47\" data-element_type=\"widget\" data-e-type=\"widget\" data-widget_type=\"woocommerce-product-price.default\">\n\t\t\t\t<div class=\"elementor-widget-container\">\n\t\t\t\t\t<p class=\"price\"><span class=\"woocommerce-Price-amount amount\"><bdi>30,00&nbsp;<span class=\"woocommerce-Price-currencySymbol\">&euro;<\/span><\/bdi><\/span><\/p>\n\t\t\t\t<\/div>\n\t\t\t\t<\/div>\n\t\t\t\t<div class=\"elementor-element elementor-element-944770e elementor-align-center elementor-widget elementor-widget-button\" data-id=\"944770e\" data-element_type=\"widget\" data-e-type=\"widget\" data-widget_type=\"button.default\">\n\t\t\t\t<div class=\"elementor-widget-container\">\n\t\t\t\t\t\t\t\t\t<div class=\"elementor-button-wrapper\">\n\t\t\t\t\t<a class=\"elementor-button elementor-button-link elementor-size-sm\" href=\"https:\/\/www.agricolalolmo.it\/en\/product\/box-farina-tipo-1-di-grani-antichi\/\">\n\t\t\t\t\t\t<span class=\"elementor-button-content-wrapper\">\n\t\t\t\t\t\t\t\t\t<span class=\"elementor-button-text\">Vedi prodotto<\/span>\n\t\t\t\t\t<\/span>\n\t\t\t\t\t<\/a>\n\t\t\t\t<\/div>\n\t\t\t\t\t\t\t\t<\/div>\n\t\t\t\t<\/div>\n\t\t\t\t<\/div>\n\t\t\t\t<\/a>\n\t\t\t\t\t<\/div>\n\t\t\t\t<\/div>\n\t\t\t\t<\/div>\n\t\t\t\t<div data-elementor-type=\"loop-item\" data-elementor-id=\"1518\" class=\"elementor elementor-1518 e-loop-item e-loop-item-2473 post-2473 product type-product status-publish has-post-thumbnail product_cat-confetture desktop-align-left tablet-align-left mobile-align-left  instock shipping-taxable purchasable product-type-variable\" data-elementor-post-type=\"elementor_library\" data-custom-edit-handle=\"1\">\n\t\t\t<div class=\"elementor-element elementor-element-f70bf62 e-flex e-con-boxed e-con e-parent\" data-id=\"f70bf62\" data-element_type=\"container\" data-e-type=\"container\">\n\t\t\t\t\t<div class=\"e-con-inner\">\n\t\t<a class=\"elementor-element elementor-element-19b558d e-con-full e-flex e-con e-child\" data-id=\"19b558d\" data-element_type=\"container\" data-e-type=\"container\" href=\"https:\/\/www.agricolalolmo.it\/en\/product\/confettura-di-pera-senza-zucchero-300g\/\">\n\t\t<div class=\"elementor-element elementor-element-214eb7f e-con-full e-flex e-con e-child\" data-id=\"214eb7f\" data-element_type=\"container\" data-e-type=\"container\">\n\t\t\t\t<div class=\"elementor-element elementor-element-bedc10f elementor-widget elementor-widget-image\" data-id=\"bedc10f\" data-element_type=\"widget\" data-e-type=\"widget\" data-widget_type=\"image.default\">\n\t\t\t\t<div class=\"elementor-widget-container\">\n\t\t\t\t\t\t\t\t\t\t\t\t\t\t\t<img loading=\"lazy\" decoding=\"async\" width=\"800\" height=\"800\" src=\"https:\/\/www.agricolalolmo.it\/wp-content\/uploads\/2025\/09\/confettura-pere-sz-300g_fronte.jpg\" class=\"attachment-full size-full wp-image-2686\" alt=\"Confettura di pera senza zucchero - 300g fronte\" srcset=\"https:\/\/www.agricolalolmo.it\/wp-content\/uploads\/2025\/09\/confettura-pere-sz-300g_fronte.jpg 800w, https:\/\/www.agricolalolmo.it\/wp-content\/uploads\/2025\/09\/confettura-pere-sz-300g_fronte-300x300.jpg 300w, https:\/\/www.agricolalolmo.it\/wp-content\/uploads\/2025\/09\/confettura-pere-sz-300g_fronte-150x150.jpg 150w, https:\/\/www.agricolalolmo.it\/wp-content\/uploads\/2025\/09\/confettura-pere-sz-300g_fronte-768x768.jpg 768w, https:\/\/www.agricolalolmo.it\/wp-content\/uploads\/2025\/09\/confettura-pere-sz-300g_fronte-12x12.jpg 12w, https:\/\/www.agricolalolmo.it\/wp-content\/uploads\/2025\/09\/confettura-pere-sz-300g_fronte-600x600.jpg 600w, https:\/\/www.agricolalolmo.it\/wp-content\/uploads\/2025\/09\/confettura-pere-sz-300g_fronte-100x100.jpg 100w\" sizes=\"(max-width: 800px) 100vw, 800px\" \/>\t\t\t\t\t\t\t\t\t\t\t\t\t\t\t<\/div>\n\t\t\t\t<\/div>\n\t\t\t\t<div class=\"elementor-element elementor-element-554c813 elementor-widget elementor-widget-woocommerce-product-title elementor-page-title elementor-widget-heading\" data-id=\"554c813\" data-element_type=\"widget\" data-e-type=\"widget\" data-widget_type=\"woocommerce-product-title.default\">\n\t\t\t\t<div class=\"elementor-widget-container\">\n\t\t\t\t\t<h3 class=\"product_title entry-title elementor-heading-title elementor-size-default\">Confettura di pera senza zucchero<\/h3>\t\t\t\t<\/div>\n\t\t\t\t<\/div>\n\t\t\t\t<\/div>\n\t\t<div class=\"elementor-element elementor-element-1af4a54 e-con-full e-flex e-con e-child\" data-id=\"1af4a54\" data-element_type=\"container\" data-e-type=\"container\">\n\t\t\t\t<div class=\"elementor-element elementor-element-c1f8f47 elementor-widget elementor-widget-woocommerce-product-price\" data-id=\"c1f8f47\" data-element_type=\"widget\" data-e-type=\"widget\" data-widget_type=\"woocommerce-product-price.default\">\n\t\t\t\t<div class=\"elementor-widget-container\">\n\t\t\t\t\t<p class=\"price\"><span class=\"woocommerce-Price-amount amount\" aria-hidden=\"true\"><bdi>4,00&nbsp;<span class=\"woocommerce-Price-currencySymbol\">&euro;<\/span><\/bdi><\/span> <span aria-hidden=\"true\">&ndash;<\/span> <span class=\"woocommerce-Price-amount amount\" aria-hidden=\"true\"><bdi>5,00&nbsp;<span class=\"woocommerce-Price-currencySymbol\">&euro;<\/span><\/bdi><\/span><span class=\"screen-reader-text\">Price range: 4,00&nbsp;&euro; through 5,00&nbsp;&euro;<\/span><\/p>\n\t\t\t\t<\/div>\n\t\t\t\t<\/div>\n\t\t\t\t<div class=\"elementor-element elementor-element-944770e elementor-align-center elementor-widget elementor-widget-button\" data-id=\"944770e\" data-element_type=\"widget\" data-e-type=\"widget\" data-widget_type=\"button.default\">\n\t\t\t\t<div class=\"elementor-widget-container\">\n\t\t\t\t\t\t\t\t\t<div class=\"elementor-button-wrapper\">\n\t\t\t\t\t<a class=\"elementor-button elementor-button-link elementor-size-sm\" href=\"https:\/\/www.agricolalolmo.it\/en\/product\/confettura-di-pera-senza-zucchero-300g\/\">\n\t\t\t\t\t\t<span class=\"elementor-button-content-wrapper\">\n\t\t\t\t\t\t\t\t\t<span class=\"elementor-button-text\">Vedi prodotto<\/span>\n\t\t\t\t\t<\/span>\n\t\t\t\t\t<\/a>\n\t\t\t\t<\/div>\n\t\t\t\t\t\t\t\t<\/div>\n\t\t\t\t<\/div>\n\t\t\t\t<\/div>\n\t\t\t\t<\/a>\n\t\t\t\t\t<\/div>\n\t\t\t\t<\/div>\n\t\t\t\t<\/div>\n\t\t\t\t<div data-elementor-type=\"loop-item\" data-elementor-id=\"1518\" class=\"elementor elementor-1518 e-loop-item e-loop-item-3007 post-3007 product type-product status-publish has-post-thumbnail product_cat-farine desktop-align-left tablet-align-left mobile-align-left  instock shipping-taxable purchasable product-type-variable has-default-attributes\" data-elementor-post-type=\"elementor_library\" data-custom-edit-handle=\"1\">\n\t\t\t<div class=\"elementor-element elementor-element-f70bf62 e-flex e-con-boxed e-con e-parent\" data-id=\"f70bf62\" data-element_type=\"container\" data-e-type=\"container\">\n\t\t\t\t\t<div class=\"e-con-inner\">\n\t\t<a class=\"elementor-element elementor-element-19b558d e-con-full e-flex e-con e-child\" data-id=\"19b558d\" data-element_type=\"container\" data-e-type=\"container\" href=\"https:\/\/www.agricolalolmo.it\/en\/product\/farina-tipo-1-2-di-grani-antichi\/\">\n\t\t<div class=\"elementor-element elementor-element-214eb7f e-con-full e-flex e-con e-child\" data-id=\"214eb7f\" data-element_type=\"container\" data-e-type=\"container\">\n\t\t\t\t<div class=\"elementor-element elementor-element-bedc10f elementor-widget elementor-widget-image\" data-id=\"bedc10f\" data-element_type=\"widget\" data-e-type=\"widget\" data-widget_type=\"image.default\">\n\t\t\t\t<div class=\"elementor-widget-container\">\n\t\t\t\t\t\t\t\t\t\t\t\t\t\t\t<img loading=\"lazy\" decoding=\"async\" width=\"800\" height=\"800\" src=\"https:\/\/www.agricolalolmo.it\/wp-content\/uploads\/2026\/03\/farina-tipo-1-2_fronte-1.jpg\" class=\"attachment-full size-full wp-image-3011\" alt=\"Farina Tipo 1 &amp; 2: Agricola l&#039;Olmo\" srcset=\"https:\/\/www.agricolalolmo.it\/wp-content\/uploads\/2026\/03\/farina-tipo-1-2_fronte-1.jpg 800w, https:\/\/www.agricolalolmo.it\/wp-content\/uploads\/2026\/03\/farina-tipo-1-2_fronte-1-300x300.jpg 300w, https:\/\/www.agricolalolmo.it\/wp-content\/uploads\/2026\/03\/farina-tipo-1-2_fronte-1-150x150.jpg 150w, https:\/\/www.agricolalolmo.it\/wp-content\/uploads\/2026\/03\/farina-tipo-1-2_fronte-1-768x768.jpg 768w, https:\/\/www.agricolalolmo.it\/wp-content\/uploads\/2026\/03\/farina-tipo-1-2_fronte-1-12x12.jpg 12w, https:\/\/www.agricolalolmo.it\/wp-content\/uploads\/2026\/03\/farina-tipo-1-2_fronte-1-600x600.jpg 600w, https:\/\/www.agricolalolmo.it\/wp-content\/uploads\/2026\/03\/farina-tipo-1-2_fronte-1-100x100.jpg 100w\" sizes=\"(max-width: 800px) 100vw, 800px\" \/>\t\t\t\t\t\t\t\t\t\t\t\t\t\t\t<\/div>\n\t\t\t\t<\/div>\n\t\t\t\t<div class=\"elementor-element elementor-element-554c813 elementor-widget elementor-widget-woocommerce-product-title elementor-page-title elementor-widget-heading\" data-id=\"554c813\" data-element_type=\"widget\" data-e-type=\"widget\" data-widget_type=\"woocommerce-product-title.default\">\n\t\t\t\t<div class=\"elementor-widget-container\">\n\t\t\t\t\t<h3 class=\"product_title entry-title elementor-heading-title elementor-size-default\">Box Mista Farine di Grani Antichi \u2013 Tipo 1 e Tipo 2<\/h3>\t\t\t\t<\/div>\n\t\t\t\t<\/div>\n\t\t\t\t<\/div>\n\t\t<div class=\"elementor-element elementor-element-1af4a54 e-con-full e-flex e-con e-child\" data-id=\"1af4a54\" data-element_type=\"container\" data-e-type=\"container\">\n\t\t\t\t<div class=\"elementor-element elementor-element-c1f8f47 elementor-widget elementor-widget-woocommerce-product-price\" data-id=\"c1f8f47\" data-element_type=\"widget\" data-e-type=\"widget\" data-widget_type=\"woocommerce-product-price.default\">\n\t\t\t\t<div class=\"elementor-widget-container\">\n\t\t\t\t\t<p class=\"price\"><span class=\"woocommerce-Price-amount amount\"><bdi>7,00&nbsp;<span class=\"woocommerce-Price-currencySymbol\">&euro;<\/span><\/bdi><\/span><\/p>\n\t\t\t\t<\/div>\n\t\t\t\t<\/div>\n\t\t\t\t<div class=\"elementor-element elementor-element-944770e elementor-align-center elementor-widget elementor-widget-button\" data-id=\"944770e\" data-element_type=\"widget\" data-e-type=\"widget\" data-widget_type=\"button.default\">\n\t\t\t\t<div class=\"elementor-widget-container\">\n\t\t\t\t\t\t\t\t\t<div class=\"elementor-button-wrapper\">\n\t\t\t\t\t<a class=\"elementor-button elementor-button-link elementor-size-sm\" href=\"https:\/\/www.agricolalolmo.it\/en\/product\/farina-tipo-1-2-di-grani-antichi\/\">\n\t\t\t\t\t\t<span class=\"elementor-button-content-wrapper\">\n\t\t\t\t\t\t\t\t\t<span class=\"elementor-button-text\">Vedi prodotto<\/span>\n\t\t\t\t\t<\/span>\n\t\t\t\t\t<\/a>\n\t\t\t\t<\/div>\n\t\t\t\t\t\t\t\t<\/div>\n\t\t\t\t<\/div>\n\t\t\t\t<\/div>\n\t\t\t\t<\/a>\n\t\t\t\t\t<\/div>\n\t\t\t\t<\/div>\n\t\t\t\t<\/div>\n\t\t\t\t<div data-elementor-type=\"loop-item\" data-elementor-id=\"1518\" class=\"elementor elementor-1518 e-loop-item e-loop-item-2556 post-2556 product type-product status-publish has-post-thumbnail product_cat-succhi-di-frutta desktop-align-left tablet-align-left mobile-align-left last instock shipping-taxable purchasable product-type-variable\" data-elementor-post-type=\"elementor_library\" data-custom-edit-handle=\"1\">\n\t\t\t<div class=\"elementor-element elementor-element-f70bf62 e-flex e-con-boxed e-con e-parent\" data-id=\"f70bf62\" data-element_type=\"container\" data-e-type=\"container\">\n\t\t\t\t\t<div class=\"e-con-inner\">\n\t\t<a class=\"elementor-element elementor-element-19b558d e-con-full e-flex e-con e-child\" data-id=\"19b558d\" data-element_type=\"container\" data-e-type=\"container\" href=\"https:\/\/www.agricolalolmo.it\/en\/product\/succo-di-mirtillo-chandler-720ml\/\">\n\t\t<div class=\"elementor-element elementor-element-214eb7f e-con-full e-flex e-con e-child\" data-id=\"214eb7f\" data-element_type=\"container\" data-e-type=\"container\">\n\t\t\t\t<div class=\"elementor-element elementor-element-bedc10f elementor-widget elementor-widget-image\" data-id=\"bedc10f\" data-element_type=\"widget\" data-e-type=\"widget\" data-widget_type=\"image.default\">\n\t\t\t\t<div class=\"elementor-widget-container\">\n\t\t\t\t\t\t\t\t\t\t\t\t\t\t\t<img loading=\"lazy\" decoding=\"async\" width=\"800\" height=\"800\" src=\"https:\/\/www.agricolalolmo.it\/wp-content\/uploads\/2025\/09\/succo-mirtillo-chandler-720_fronte.jpg\" class=\"attachment-full size-full wp-image-2700\" alt=\"Succo di mirtillo Chandler - 720ml fronte\" srcset=\"https:\/\/www.agricolalolmo.it\/wp-content\/uploads\/2025\/09\/succo-mirtillo-chandler-720_fronte.jpg 800w, https:\/\/www.agricolalolmo.it\/wp-content\/uploads\/2025\/09\/succo-mirtillo-chandler-720_fronte-300x300.jpg 300w, https:\/\/www.agricolalolmo.it\/wp-content\/uploads\/2025\/09\/succo-mirtillo-chandler-720_fronte-150x150.jpg 150w, https:\/\/www.agricolalolmo.it\/wp-content\/uploads\/2025\/09\/succo-mirtillo-chandler-720_fronte-768x768.jpg 768w, https:\/\/www.agricolalolmo.it\/wp-content\/uploads\/2025\/09\/succo-mirtillo-chandler-720_fronte-12x12.jpg 12w, https:\/\/www.agricolalolmo.it\/wp-content\/uploads\/2025\/09\/succo-mirtillo-chandler-720_fronte-600x600.jpg 600w, https:\/\/www.agricolalolmo.it\/wp-content\/uploads\/2025\/09\/succo-mirtillo-chandler-720_fronte-100x100.jpg 100w\" sizes=\"(max-width: 800px) 100vw, 800px\" \/>\t\t\t\t\t\t\t\t\t\t\t\t\t\t\t<\/div>\n\t\t\t\t<\/div>\n\t\t\t\t<div class=\"elementor-element elementor-element-554c813 elementor-widget elementor-widget-woocommerce-product-title elementor-page-title elementor-widget-heading\" data-id=\"554c813\" data-element_type=\"widget\" data-e-type=\"widget\" data-widget_type=\"woocommerce-product-title.default\">\n\t\t\t\t<div class=\"elementor-widget-container\">\n\t\t\t\t\t<h3 class=\"product_title entry-title elementor-heading-title elementor-size-default\">Succo di mirtillo Chandler<\/h3>\t\t\t\t<\/div>\n\t\t\t\t<\/div>\n\t\t\t\t<\/div>\n\t\t<div class=\"elementor-element elementor-element-1af4a54 e-con-full e-flex e-con e-child\" data-id=\"1af4a54\" data-element_type=\"container\" data-e-type=\"container\">\n\t\t\t\t<div class=\"elementor-element elementor-element-c1f8f47 elementor-widget elementor-widget-woocommerce-product-price\" data-id=\"c1f8f47\" data-element_type=\"widget\" data-e-type=\"widget\" data-widget_type=\"woocommerce-product-price.default\">\n\t\t\t\t<div class=\"elementor-widget-container\">\n\t\t\t\t\t<p class=\"price\"><span class=\"woocommerce-Price-amount amount\" aria-hidden=\"true\"><bdi>3,00&nbsp;<span class=\"woocommerce-Price-currencySymbol\">&euro;<\/span><\/bdi><\/span> <span aria-hidden=\"true\">&ndash;<\/span> <span class=\"woocommerce-Price-amount amount\" aria-hidden=\"true\"><bdi>7,50&nbsp;<span class=\"woocommerce-Price-currencySymbol\">&euro;<\/span><\/bdi><\/span><span class=\"screen-reader-text\">Price range: 3,00&nbsp;&euro; through 7,50&nbsp;&euro;<\/span><\/p>\n\t\t\t\t<\/div>\n\t\t\t\t<\/div>\n\t\t\t\t<div class=\"elementor-element elementor-element-944770e elementor-align-center elementor-widget elementor-widget-button\" data-id=\"944770e\" data-element_type=\"widget\" data-e-type=\"widget\" data-widget_type=\"button.default\">\n\t\t\t\t<div class=\"elementor-widget-container\">\n\t\t\t\t\t\t\t\t\t<div class=\"elementor-button-wrapper\">\n\t\t\t\t\t<a class=\"elementor-button elementor-button-link elementor-size-sm\" href=\"https:\/\/www.agricolalolmo.it\/en\/product\/succo-di-mirtillo-chandler-720ml\/\">\n\t\t\t\t\t\t<span class=\"elementor-button-content-wrapper\">\n\t\t\t\t\t\t\t\t\t<span class=\"elementor-button-text\">Vedi prodotto<\/span>\n\t\t\t\t\t<\/span>\n\t\t\t\t\t<\/a>\n\t\t\t\t<\/div>\n\t\t\t\t\t\t\t\t<\/div>\n\t\t\t\t<\/div>\n\t\t\t\t<\/div>\n\t\t\t\t<\/a>\n\t\t\t\t\t<\/div>\n\t\t\t\t<\/div>\n\t\t\t\t<\/div>\n\t\t\t\t<div data-elementor-type=\"loop-item\" data-elementor-id=\"1518\" class=\"elementor elementor-1518 e-loop-item e-loop-item-2478 post-2478 product type-product status-publish has-post-thumbnail product_cat-creme-spalmabili desktop-align-left tablet-align-left mobile-align-left first instock shipping-taxable purchasable product-type-variable\" data-elementor-post-type=\"elementor_library\" data-custom-edit-handle=\"1\">\n\t\t\t<div class=\"elementor-element elementor-element-f70bf62 e-flex e-con-boxed e-con e-parent\" data-id=\"f70bf62\" data-element_type=\"container\" data-e-type=\"container\">\n\t\t\t\t\t<div class=\"e-con-inner\">\n\t\t<a class=\"elementor-element elementor-element-19b558d e-con-full e-flex e-con e-child\" data-id=\"19b558d\" data-element_type=\"container\" data-e-type=\"container\" href=\"https:\/\/www.agricolalolmo.it\/en\/product\/crema-gianduja-200g\/\">\n\t\t<div class=\"elementor-element elementor-element-214eb7f e-con-full e-flex e-con e-child\" data-id=\"214eb7f\" data-element_type=\"container\" data-e-type=\"container\">\n\t\t\t\t<div class=\"elementor-element elementor-element-bedc10f elementor-widget elementor-widget-image\" data-id=\"bedc10f\" data-element_type=\"widget\" data-e-type=\"widget\" data-widget_type=\"image.default\">\n\t\t\t\t<div class=\"elementor-widget-container\">\n\t\t\t\t\t\t\t\t\t\t\t\t\t\t\t<img loading=\"lazy\" decoding=\"async\" width=\"800\" height=\"800\" src=\"https:\/\/www.agricolalolmo.it\/wp-content\/uploads\/2025\/09\/crema-gianduja_fronte.jpg\" class=\"attachment-full size-full wp-image-2870\" alt=\"Crema Gianduja 200g fronte\" srcset=\"https:\/\/www.agricolalolmo.it\/wp-content\/uploads\/2025\/09\/crema-gianduja_fronte.jpg 800w, https:\/\/www.agricolalolmo.it\/wp-content\/uploads\/2025\/09\/crema-gianduja_fronte-300x300.jpg 300w, https:\/\/www.agricolalolmo.it\/wp-content\/uploads\/2025\/09\/crema-gianduja_fronte-150x150.jpg 150w, https:\/\/www.agricolalolmo.it\/wp-content\/uploads\/2025\/09\/crema-gianduja_fronte-768x768.jpg 768w, https:\/\/www.agricolalolmo.it\/wp-content\/uploads\/2025\/09\/crema-gianduja_fronte-12x12.jpg 12w, https:\/\/www.agricolalolmo.it\/wp-content\/uploads\/2025\/09\/crema-gianduja_fronte-600x600.jpg 600w, https:\/\/www.agricolalolmo.it\/wp-content\/uploads\/2025\/09\/crema-gianduja_fronte-100x100.jpg 100w\" sizes=\"(max-width: 800px) 100vw, 800px\" \/>\t\t\t\t\t\t\t\t\t\t\t\t\t\t\t<\/div>\n\t\t\t\t<\/div>\n\t\t\t\t<div class=\"elementor-element elementor-element-554c813 elementor-widget elementor-widget-woocommerce-product-title elementor-page-title elementor-widget-heading\" data-id=\"554c813\" data-element_type=\"widget\" data-e-type=\"widget\" data-widget_type=\"woocommerce-product-title.default\">\n\t\t\t\t<div class=\"elementor-widget-container\">\n\t\t\t\t\t<h3 class=\"product_title entry-title elementor-heading-title elementor-size-default\">Crema Gianduja<\/h3>\t\t\t\t<\/div>\n\t\t\t\t<\/div>\n\t\t\t\t<\/div>\n\t\t<div class=\"elementor-element elementor-element-1af4a54 e-con-full e-flex e-con e-child\" data-id=\"1af4a54\" data-element_type=\"container\" data-e-type=\"container\">\n\t\t\t\t<div class=\"elementor-element elementor-element-c1f8f47 elementor-widget elementor-widget-woocommerce-product-price\" data-id=\"c1f8f47\" data-element_type=\"widget\" data-e-type=\"widget\" data-widget_type=\"woocommerce-product-price.default\">\n\t\t\t\t<div class=\"elementor-widget-container\">\n\t\t\t\t\t<p class=\"price\"><span class=\"woocommerce-Price-amount amount\"><bdi>8,50&nbsp;<span class=\"woocommerce-Price-currencySymbol\">&euro;<\/span><\/bdi><\/span><\/p>\n\t\t\t\t<\/div>\n\t\t\t\t<\/div>\n\t\t\t\t<div class=\"elementor-element elementor-element-944770e elementor-align-center elementor-widget elementor-widget-button\" data-id=\"944770e\" data-element_type=\"widget\" data-e-type=\"widget\" data-widget_type=\"button.default\">\n\t\t\t\t<div class=\"elementor-widget-container\">\n\t\t\t\t\t\t\t\t\t<div class=\"elementor-button-wrapper\">\n\t\t\t\t\t<a class=\"elementor-button elementor-button-link elementor-size-sm\" href=\"https:\/\/www.agricolalolmo.it\/en\/product\/crema-gianduja-200g\/\">\n\t\t\t\t\t\t<span class=\"elementor-button-content-wrapper\">\n\t\t\t\t\t\t\t\t\t<span class=\"elementor-button-text\">Vedi prodotto<\/span>\n\t\t\t\t\t<\/span>\n\t\t\t\t\t<\/a>\n\t\t\t\t<\/div>\n\t\t\t\t\t\t\t\t<\/div>\n\t\t\t\t<\/div>\n\t\t\t\t<\/div>\n\t\t\t\t<\/a>\n\t\t\t\t\t<\/div>\n\t\t\t\t<\/div>\n\t\t\t\t<\/div>\n\t\t\t\t<div data-elementor-type=\"loop-item\" data-elementor-id=\"1518\" class=\"elementor elementor-1518 e-loop-item e-loop-item-2865 post-2865 product type-product status-publish has-post-thumbnail product_cat-creme-spalmabili desktop-align-left tablet-align-left mobile-align-left  instock shipping-taxable purchasable product-type-simple\" data-elementor-post-type=\"elementor_library\" data-custom-edit-handle=\"1\">\n\t\t\t<div class=\"elementor-element elementor-element-f70bf62 e-flex e-con-boxed e-con e-parent\" data-id=\"f70bf62\" data-element_type=\"container\" data-e-type=\"container\">\n\t\t\t\t\t<div class=\"e-con-inner\">\n\t\t<a class=\"elementor-element elementor-element-19b558d e-con-full e-flex e-con e-child\" data-id=\"19b558d\" data-element_type=\"container\" data-e-type=\"container\" href=\"https:\/\/www.agricolalolmo.it\/en\/product\/box-crema-gianduja\/\">\n\t\t<div class=\"elementor-element elementor-element-214eb7f e-con-full e-flex e-con e-child\" data-id=\"214eb7f\" data-element_type=\"container\" data-e-type=\"container\">\n\t\t\t\t<div class=\"elementor-element elementor-element-bedc10f elementor-widget elementor-widget-image\" data-id=\"bedc10f\" data-element_type=\"widget\" data-e-type=\"widget\" data-widget_type=\"image.default\">\n\t\t\t\t<div class=\"elementor-widget-container\">\n\t\t\t\t\t\t\t\t\t\t\t\t\t\t\t<img loading=\"lazy\" decoding=\"async\" width=\"800\" height=\"800\" src=\"https:\/\/www.agricolalolmo.it\/wp-content\/uploads\/2025\/09\/box-crema-gianduja-200g_fronte.png\" class=\"attachment-full size-full wp-image-2953\" alt=\"Box crema Gianduja 200g\" srcset=\"https:\/\/www.agricolalolmo.it\/wp-content\/uploads\/2025\/09\/box-crema-gianduja-200g_fronte.png 800w, https:\/\/www.agricolalolmo.it\/wp-content\/uploads\/2025\/09\/box-crema-gianduja-200g_fronte-300x300.png 300w, https:\/\/www.agricolalolmo.it\/wp-content\/uploads\/2025\/09\/box-crema-gianduja-200g_fronte-150x150.png 150w, https:\/\/www.agricolalolmo.it\/wp-content\/uploads\/2025\/09\/box-crema-gianduja-200g_fronte-768x768.png 768w, https:\/\/www.agricolalolmo.it\/wp-content\/uploads\/2025\/09\/box-crema-gianduja-200g_fronte-12x12.png 12w, https:\/\/www.agricolalolmo.it\/wp-content\/uploads\/2025\/09\/box-crema-gianduja-200g_fronte-600x600.png 600w, https:\/\/www.agricolalolmo.it\/wp-content\/uploads\/2025\/09\/box-crema-gianduja-200g_fronte-100x100.png 100w\" sizes=\"(max-width: 800px) 100vw, 800px\" \/>\t\t\t\t\t\t\t\t\t\t\t\t\t\t\t<\/div>\n\t\t\t\t<\/div>\n\t\t\t\t<div class=\"elementor-element elementor-element-554c813 elementor-widget elementor-widget-woocommerce-product-title elementor-page-title elementor-widget-heading\" data-id=\"554c813\" data-element_type=\"widget\" data-e-type=\"widget\" data-widget_type=\"woocommerce-product-title.default\">\n\t\t\t\t<div class=\"elementor-widget-container\">\n\t\t\t\t\t<h3 class=\"product_title entry-title elementor-heading-title elementor-size-default\">Box crema Gianduja<\/h3>\t\t\t\t<\/div>\n\t\t\t\t<\/div>\n\t\t\t\t<\/div>\n\t\t<div class=\"elementor-element elementor-element-1af4a54 e-con-full e-flex e-con e-child\" data-id=\"1af4a54\" data-element_type=\"container\" data-e-type=\"container\">\n\t\t\t\t<div class=\"elementor-element elementor-element-c1f8f47 elementor-widget elementor-widget-woocommerce-product-price\" data-id=\"c1f8f47\" data-element_type=\"widget\" data-e-type=\"widget\" data-widget_type=\"woocommerce-product-price.default\">\n\t\t\t\t<div class=\"elementor-widget-container\">\n\t\t\t\t\t<p class=\"price\"><span class=\"woocommerce-Price-amount amount\"><bdi>64,00&nbsp;<span class=\"woocommerce-Price-currencySymbol\">&euro;<\/span><\/bdi><\/span><\/p>\n\t\t\t\t<\/div>\n\t\t\t\t<\/div>\n\t\t\t\t<div class=\"elementor-element elementor-element-944770e elementor-align-center elementor-widget elementor-widget-button\" data-id=\"944770e\" data-element_type=\"widget\" data-e-type=\"widget\" data-widget_type=\"button.default\">\n\t\t\t\t<div class=\"elementor-widget-container\">\n\t\t\t\t\t\t\t\t\t<div class=\"elementor-button-wrapper\">\n\t\t\t\t\t<a class=\"elementor-button elementor-button-link elementor-size-sm\" href=\"https:\/\/www.agricolalolmo.it\/en\/product\/box-crema-gianduja\/\">\n\t\t\t\t\t\t<span class=\"elementor-button-content-wrapper\">\n\t\t\t\t\t\t\t\t\t<span class=\"elementor-button-text\">Vedi prodotto<\/span>\n\t\t\t\t\t<\/span>\n\t\t\t\t\t<\/a>\n\t\t\t\t<\/div>\n\t\t\t\t\t\t\t\t<\/div>\n\t\t\t\t<\/div>\n\t\t\t\t<\/div>\n\t\t\t\t<\/a>\n\t\t\t\t\t<\/div>\n\t\t\t\t<\/div>\n\t\t\t\t<\/div>\n\t\t\t\t<div data-elementor-type=\"loop-item\" data-elementor-id=\"1518\" class=\"elementor elementor-1518 e-loop-item e-loop-item-2530 post-2530 product type-product status-publish has-post-thumbnail product_cat-box-succhi product_cat-succhi-di-frutta desktop-align-left tablet-align-left mobile-align-left  instock shipping-taxable purchasable product-type-simple\" data-elementor-post-type=\"elementor_library\" data-custom-edit-handle=\"1\">\n\t\t\t<div class=\"elementor-element elementor-element-f70bf62 e-flex e-con-boxed e-con e-parent\" data-id=\"f70bf62\" data-element_type=\"container\" data-e-type=\"container\">\n\t\t\t\t\t<div class=\"e-con-inner\">\n\t\t<a class=\"elementor-element elementor-element-19b558d e-con-full e-flex e-con e-child\" data-id=\"19b558d\" data-element_type=\"container\" data-e-type=\"container\" href=\"https:\/\/www.agricolalolmo.it\/en\/product\/box-succo-di-pera-piccolo-200ml\/\">\n\t\t<div class=\"elementor-element elementor-element-214eb7f e-con-full e-flex e-con e-child\" data-id=\"214eb7f\" data-element_type=\"container\" data-e-type=\"container\">\n\t\t\t\t<div class=\"elementor-element elementor-element-bedc10f elementor-widget elementor-widget-image\" data-id=\"bedc10f\" data-element_type=\"widget\" data-e-type=\"widget\" data-widget_type=\"image.default\">\n\t\t\t\t<div class=\"elementor-widget-container\">\n\t\t\t\t\t\t\t\t\t\t\t\t\t\t\t<img loading=\"lazy\" decoding=\"async\" width=\"800\" height=\"800\" src=\"https:\/\/www.agricolalolmo.it\/wp-content\/uploads\/2025\/09\/box-succo-pera-piccolo.png\" class=\"attachment-full size-full wp-image-2957\" alt=\"Box succo di pera piccolo - 200ml\" srcset=\"https:\/\/www.agricolalolmo.it\/wp-content\/uploads\/2025\/09\/box-succo-pera-piccolo.png 800w, https:\/\/www.agricolalolmo.it\/wp-content\/uploads\/2025\/09\/box-succo-pera-piccolo-300x300.png 300w, https:\/\/www.agricolalolmo.it\/wp-content\/uploads\/2025\/09\/box-succo-pera-piccolo-150x150.png 150w, https:\/\/www.agricolalolmo.it\/wp-content\/uploads\/2025\/09\/box-succo-pera-piccolo-768x768.png 768w, https:\/\/www.agricolalolmo.it\/wp-content\/uploads\/2025\/09\/box-succo-pera-piccolo-12x12.png 12w, https:\/\/www.agricolalolmo.it\/wp-content\/uploads\/2025\/09\/box-succo-pera-piccolo-600x600.png 600w, https:\/\/www.agricolalolmo.it\/wp-content\/uploads\/2025\/09\/box-succo-pera-piccolo-100x100.png 100w\" sizes=\"(max-width: 800px) 100vw, 800px\" \/>\t\t\t\t\t\t\t\t\t\t\t\t\t\t\t<\/div>\n\t\t\t\t<\/div>\n\t\t\t\t<div class=\"elementor-element elementor-element-554c813 elementor-widget elementor-widget-woocommerce-product-title elementor-page-title elementor-widget-heading\" data-id=\"554c813\" data-element_type=\"widget\" data-e-type=\"widget\" data-widget_type=\"woocommerce-product-title.default\">\n\t\t\t\t<div class=\"elementor-widget-container\">\n\t\t\t\t\t<h3 class=\"product_title entry-title elementor-heading-title elementor-size-default\">Box succo di pera piccolo<\/h3>\t\t\t\t<\/div>\n\t\t\t\t<\/div>\n\t\t\t\t<\/div>\n\t\t<div class=\"elementor-element elementor-element-1af4a54 e-con-full e-flex e-con e-child\" data-id=\"1af4a54\" data-element_type=\"container\" data-e-type=\"container\">\n\t\t\t\t<div class=\"elementor-element elementor-element-c1f8f47 elementor-widget elementor-widget-woocommerce-product-price\" data-id=\"c1f8f47\" data-element_type=\"widget\" data-e-type=\"widget\" data-widget_type=\"woocommerce-product-price.default\">\n\t\t\t\t<div class=\"elementor-widget-container\">\n\t\t\t\t\t<p class=\"price\"><span class=\"woocommerce-Price-amount amount\"><bdi>18,40&nbsp;<span class=\"woocommerce-Price-currencySymbol\">&euro;<\/span><\/bdi><\/span><\/p>\n\t\t\t\t<\/div>\n\t\t\t\t<\/div>\n\t\t\t\t<div class=\"elementor-element elementor-element-944770e elementor-align-center elementor-widget elementor-widget-button\" data-id=\"944770e\" data-element_type=\"widget\" data-e-type=\"widget\" data-widget_type=\"button.default\">\n\t\t\t\t<div class=\"elementor-widget-container\">\n\t\t\t\t\t\t\t\t\t<div class=\"elementor-button-wrapper\">\n\t\t\t\t\t<a class=\"elementor-button elementor-button-link elementor-size-sm\" href=\"https:\/\/www.agricolalolmo.it\/en\/product\/box-succo-di-pera-piccolo-200ml\/\">\n\t\t\t\t\t\t<span class=\"elementor-button-content-wrapper\">\n\t\t\t\t\t\t\t\t\t<span class=\"elementor-button-text\">Vedi prodotto<\/span>\n\t\t\t\t\t<\/span>\n\t\t\t\t\t<\/a>\n\t\t\t\t<\/div>\n\t\t\t\t\t\t\t\t<\/div>\n\t\t\t\t<\/div>\n\t\t\t\t<\/div>\n\t\t\t\t<\/a>\n\t\t\t\t\t<\/div>\n\t\t\t\t<\/div>\n\t\t\t\t<\/div>\n\t\t\t\t<div data-elementor-type=\"loop-item\" data-elementor-id=\"1518\" class=\"elementor elementor-1518 e-loop-item e-loop-item-2481 post-2481 product type-product status-publish has-post-thumbnail product_cat-box-succhi product_cat-succhi-di-frutta desktop-align-left tablet-align-left mobile-align-left last instock shipping-taxable purchasable product-type-simple\" data-elementor-post-type=\"elementor_library\" data-custom-edit-handle=\"1\">\n\t\t\t<div class=\"elementor-element elementor-element-f70bf62 e-flex e-con-boxed e-con e-parent\" data-id=\"f70bf62\" data-element_type=\"container\" data-e-type=\"container\">\n\t\t\t\t\t<div class=\"e-con-inner\">\n\t\t<a class=\"elementor-element elementor-element-19b558d e-con-full e-flex e-con e-child\" data-id=\"19b558d\" data-element_type=\"container\" data-e-type=\"container\" href=\"https:\/\/www.agricolalolmo.it\/en\/product\/box-succo-di-pera-720ml\/\">\n\t\t<div class=\"elementor-element elementor-element-214eb7f e-con-full e-flex e-con e-child\" data-id=\"214eb7f\" data-element_type=\"container\" data-e-type=\"container\">\n\t\t\t\t<div class=\"elementor-element elementor-element-bedc10f elementor-widget elementor-widget-image\" data-id=\"bedc10f\" data-element_type=\"widget\" data-e-type=\"widget\" data-widget_type=\"image.default\">\n\t\t\t\t<div class=\"elementor-widget-container\">\n\t\t\t\t\t\t\t\t\t\t\t\t\t\t\t<img loading=\"lazy\" decoding=\"async\" width=\"800\" height=\"800\" src=\"https:\/\/www.agricolalolmo.it\/wp-content\/uploads\/2025\/09\/box-succo-pera-grande.png\" class=\"attachment-full size-full wp-image-2970\" alt=\"Box succo di pera grande - 1lt\" srcset=\"https:\/\/www.agricolalolmo.it\/wp-content\/uploads\/2025\/09\/box-succo-pera-grande.png 800w, https:\/\/www.agricolalolmo.it\/wp-content\/uploads\/2025\/09\/box-succo-pera-grande-300x300.png 300w, https:\/\/www.agricolalolmo.it\/wp-content\/uploads\/2025\/09\/box-succo-pera-grande-150x150.png 150w, https:\/\/www.agricolalolmo.it\/wp-content\/uploads\/2025\/09\/box-succo-pera-grande-768x768.png 768w, https:\/\/www.agricolalolmo.it\/wp-content\/uploads\/2025\/09\/box-succo-pera-grande-12x12.png 12w, https:\/\/www.agricolalolmo.it\/wp-content\/uploads\/2025\/09\/box-succo-pera-grande-600x600.png 600w, https:\/\/www.agricolalolmo.it\/wp-content\/uploads\/2025\/09\/box-succo-pera-grande-100x100.png 100w\" sizes=\"(max-width: 800px) 100vw, 800px\" \/>\t\t\t\t\t\t\t\t\t\t\t\t\t\t\t<\/div>\n\t\t\t\t<\/div>\n\t\t\t\t<div class=\"elementor-element elementor-element-554c813 elementor-widget elementor-widget-woocommerce-product-title elementor-page-title elementor-widget-heading\" data-id=\"554c813\" data-element_type=\"widget\" data-e-type=\"widget\" data-widget_type=\"woocommerce-product-title.default\">\n\t\t\t\t<div class=\"elementor-widget-container\">\n\t\t\t\t\t<h3 class=\"product_title entry-title elementor-heading-title elementor-size-default\">Box succo di pera grande<\/h3>\t\t\t\t<\/div>\n\t\t\t\t<\/div>\n\t\t\t\t<\/div>\n\t\t<div class=\"elementor-element elementor-element-1af4a54 e-con-full e-flex e-con e-child\" data-id=\"1af4a54\" data-element_type=\"container\" data-e-type=\"container\">\n\t\t\t\t<div class=\"elementor-element elementor-element-c1f8f47 elementor-widget elementor-widget-woocommerce-product-price\" data-id=\"c1f8f47\" data-element_type=\"widget\" data-e-type=\"widget\" data-widget_type=\"woocommerce-product-price.default\">\n\t\t\t\t<div class=\"elementor-widget-container\">\n\t\t\t\t\t<p class=\"price\"><span class=\"woocommerce-Price-amount amount\"><bdi>30,00&nbsp;<span class=\"woocommerce-Price-currencySymbol\">&euro;<\/span><\/bdi><\/span><\/p>\n\t\t\t\t<\/div>\n\t\t\t\t<\/div>\n\t\t\t\t<div class=\"elementor-element elementor-element-944770e elementor-align-center elementor-widget elementor-widget-button\" data-id=\"944770e\" data-element_type=\"widget\" data-e-type=\"widget\" data-widget_type=\"button.default\">\n\t\t\t\t<div class=\"elementor-widget-container\">\n\t\t\t\t\t\t\t\t\t<div class=\"elementor-button-wrapper\">\n\t\t\t\t\t<a class=\"elementor-button elementor-button-link elementor-size-sm\" href=\"https:\/\/www.agricolalolmo.it\/en\/product\/box-succo-di-pera-720ml\/\">\n\t\t\t\t\t\t<span class=\"elementor-button-content-wrapper\">\n\t\t\t\t\t\t\t\t\t<span class=\"elementor-button-text\">Vedi prodotto<\/span>\n\t\t\t\t\t<\/span>\n\t\t\t\t\t<\/a>\n\t\t\t\t<\/div>\n\t\t\t\t\t\t\t\t<\/div>\n\t\t\t\t<\/div>\n\t\t\t\t<\/div>\n\t\t\t\t<\/a>\n\t\t\t\t\t<\/div>\n\t\t\t\t<\/div>\n\t\t\t\t<\/div>\n\t\t\t\t<\/div>\n\t\t\n\t\t\t\t\t\t<\/div>\n\t\t\t\t<\/div>\n\t\t\t\t<div class=\"elementor-element elementor-element-b1f5540 elementor-align-center elementor-widget elementor-widget-button\" data-id=\"b1f5540\" data-element_type=\"widget\" data-e-type=\"widget\" data-widget_type=\"button.default\">\n\t\t\t\t<div class=\"elementor-widget-container\">\n\t\t\t\t\t\t\t\t\t<div class=\"elementor-button-wrapper\">\n\t\t\t\t\t<a class=\"elementor-button elementor-button-link elementor-size-sm\" href=\"\/shop\/\">\n\t\t\t\t\t\t<span class=\"elementor-button-content-wrapper\">\n\t\t\t\t\t\t<span class=\"elementor-button-icon\">\n\t\t\t\t<svg aria-hidden=\"true\" class=\"e-font-icon-svg e-fas-arrow-right\" viewBox=\"0 0 448 512\" xmlns=\"http:\/\/www.w3.org\/2000\/svg\"><path d=\"M190.5 66.9l22.2-22.2c9.4-9.4 24.6-9.4 33.9 0L441 239c9.4 9.4 9.4 24.6 0 33.9L246.6 467.3c-9.4 9.4-24.6 9.4-33.9 0l-22.2-22.2c-9.5-9.5-9.3-25 .4-34.3L311.4 296H24c-13.3 0-24-10.7-24-24v-32c0-13.3 10.7-24 24-24h287.4L190.9 101.2c-9.8-9.3-10-24.8-.4-34.3z\"><\/path><\/svg>\t\t\t<\/span>\n\t\t\t\t\t\t\t\t\t<span class=\"elementor-button-text\">Vai allo shop<\/span>\n\t\t\t\t\t<\/span>\n\t\t\t\t\t<\/a>\n\t\t\t\t<\/div>\n\t\t\t\t\t\t\t\t<\/div>\n\t\t\t\t<\/div>\n\t\t\t\t\t<\/div>\n\t\t\t\t<\/div>\n\t\t<div class=\"elementor-element elementor-element-9bb835f e-flex e-con-boxed e-con e-parent\" data-id=\"9bb835f\" data-element_type=\"container\" data-e-type=\"container\" data-settings=\"{&quot;background_background&quot;:&quot;classic&quot;}\">\n\t\t\t\t\t<div class=\"e-con-inner\">\n\t\t<div class=\"elementor-element elementor-element-e25864d e-con-full e-flex e-con e-child\" data-id=\"e25864d\" data-element_type=\"container\" data-e-type=\"container\">\n\t\t\t\t<div class=\"elementor-element elementor-element-6d1bf10 elementor-position-inline-start elementor-mobile-position-inline-start elementor-view-default elementor-widget elementor-widget-icon-box\" data-id=\"6d1bf10\" data-element_type=\"widget\" data-e-type=\"widget\" data-widget_type=\"icon-box.default\">\n\t\t\t\t<div class=\"elementor-widget-container\">\n\t\t\t\t\t\t\t<div class=\"elementor-icon-box-wrapper\">\n\n\t\t\t\t\t\t<div class=\"elementor-icon-box-icon\">\n\t\t\t\t<span  class=\"elementor-icon\">\n\t\t\t\t<svg aria-hidden=\"true\" class=\"e-font-icon-svg e-fas-leaf\" viewBox=\"0 0 576 512\" xmlns=\"http:\/\/www.w3.org\/2000\/svg\"><path d=\"M546.2 9.7c-5.6-12.5-21.6-13-28.3-1.2C486.9 62.4 431.4 96 368 96h-80C182 96 96 182 96 288c0 7 .8 13.7 1.5 20.5C161.3 262.8 253.4 224 384 224c8.8 0 16 7.2 16 16s-7.2 16-16 16C132.6 256 26 410.1 2.4 468c-6.6 16.3 1.2 34.9 17.5 41.6 16.4 6.8 35-1.1 41.8-17.3 1.5-3.6 20.9-47.9 71.9-90.6 32.4 43.9 94 85.8 174.9 77.2C465.5 467.5 576 326.7 576 154.3c0-50.2-10.8-102.2-29.8-144.6z\"><\/path><\/svg>\t\t\t\t<\/span>\n\t\t\t<\/div>\n\t\t\t\n\t\t\t\t\t\t<div class=\"elementor-icon-box-content\">\n\n\t\t\t\t\t\t\t\t\t<p class=\"elementor-icon-box-title\">\n\t\t\t\t\t\t<span  >\n\t\t\t\t\t\t\tProdotti trasformati\t\t\t\t\t\t<\/span>\n\t\t\t\t\t<\/p>\n\t\t\t\t\n\t\t\t\t\n\t\t\t<\/div>\n\t\t\t\n\t\t<\/div>\n\t\t\t\t\t\t<\/div>\n\t\t\t\t<\/div>\n\t\t\t\t<div class=\"elementor-element elementor-element-201c99f elementor-widget elementor-widget-text-editor\" data-id=\"201c99f\" data-element_type=\"widget\" data-e-type=\"widget\" data-widget_type=\"text-editor.default\">\n\t\t\t\t<div class=\"elementor-widget-container\">\n\t\t\t\t\t\t\t\t\t<p class=\"p1\">Frutto della lavorazione artigianale delle nostre coltivazioni, realizzati con ingredienti naturali e senza additivi.<\/p>\t\t\t\t\t\t\t\t<\/div>\n\t\t\t\t<\/div>\n\t\t\t\t<div class=\"elementor-element elementor-element-8a0fa2c elementor-position-inline-start elementor-view-default elementor-mobile-position-block-start elementor-widget elementor-widget-icon-box\" data-id=\"8a0fa2c\" data-element_type=\"widget\" data-e-type=\"widget\" data-widget_type=\"icon-box.default\">\n\t\t\t\t<div class=\"elementor-widget-container\">\n\t\t\t\t\t\t\t<div class=\"elementor-icon-box-wrapper\">\n\n\t\t\t\t\t\t<div class=\"elementor-icon-box-icon\">\n\t\t\t\t<span  class=\"elementor-icon\">\n\t\t\t\t<i aria-hidden=\"true\" class=\"icon icon-succo-di-frutta\"><\/i>\t\t\t\t<\/span>\n\t\t\t<\/div>\n\t\t\t\n\t\t\t\t\t\t<div class=\"elementor-icon-box-content\">\n\n\t\t\t\t\t\t\t\t\t<h5 class=\"elementor-icon-box-title\">\n\t\t\t\t\t\t<span  >\n\t\t\t\t\t\t\tSucchi di frutta<br>100% frutta\t\t\t\t\t\t<\/span>\n\t\t\t\t\t<\/h5>\n\t\t\t\t\n\t\t\t\t\t\t\t\t\t<p class=\"elementor-icon-box-description\">\n\t\t\t\t\t\tSenza aromi aggiunti, perfetti per grandi e piccoli.\t\t\t\t\t<\/p>\n\t\t\t\t\n\t\t\t<\/div>\n\t\t\t\n\t\t<\/div>\n\t\t\t\t\t\t<\/div>\n\t\t\t\t<\/div>\n\t\t\t\t<div class=\"elementor-element elementor-element-f4b1016 elementor-widget-divider--view-line elementor-widget elementor-widget-divider\" data-id=\"f4b1016\" data-element_type=\"widget\" data-e-type=\"widget\" data-widget_type=\"divider.default\">\n\t\t\t\t<div class=\"elementor-widget-container\">\n\t\t\t\t\t\t\t<div class=\"elementor-divider\">\n\t\t\t<span class=\"elementor-divider-separator\">\n\t\t\t\t\t\t<\/span>\n\t\t<\/div>\n\t\t\t\t\t\t<\/div>\n\t\t\t\t<\/div>\n\t\t\t\t<div class=\"elementor-element elementor-element-0c2f4ce elementor-position-inline-start elementor-view-default elementor-mobile-position-block-start elementor-widget elementor-widget-icon-box\" data-id=\"0c2f4ce\" data-element_type=\"widget\" data-e-type=\"widget\" data-widget_type=\"icon-box.default\">\n\t\t\t\t<div class=\"elementor-widget-container\">\n\t\t\t\t\t\t\t<div class=\"elementor-icon-box-wrapper\">\n\n\t\t\t\t\t\t<div class=\"elementor-icon-box-icon\">\n\t\t\t\t<span  class=\"elementor-icon\">\n\t\t\t\t<i aria-hidden=\"true\" class=\"icon icon-marmellata-composta\"><\/i>\t\t\t\t<\/span>\n\t\t\t<\/div>\n\t\t\t\n\t\t\t\t\t\t<div class=\"elementor-icon-box-content\">\n\n\t\t\t\t\t\t\t\t\t<h5 class=\"elementor-icon-box-title\">\n\t\t\t\t\t\t<span  >\n\t\t\t\t\t\t\tConfetture\t\t\t\t\t\t<\/span>\n\t\t\t\t\t<\/h5>\n\t\t\t\t\n\t\t\t\t\t\t\t\t\t<p class=\"elementor-icon-box-description\">\n\t\t\t\t\t\tGusto autentico, cottura lenta, dolcezza naturale.\n\t\t\t\t\t<\/p>\n\t\t\t\t\n\t\t\t<\/div>\n\t\t\t\n\t\t<\/div>\n\t\t\t\t\t\t<\/div>\n\t\t\t\t<\/div>\n\t\t\t\t<\/div>\n\t\t<div class=\"elementor-element elementor-element-dfb5990 e-con-full e-flex e-con e-child\" data-id=\"dfb5990\" data-element_type=\"container\" data-e-type=\"container\">\n\t\t\t\t<div class=\"elementor-element elementor-element-cdd090e elementor-position-inline-start elementor-mobile-position-inline-start elementor-view-default elementor-widget elementor-widget-icon-box\" data-id=\"cdd090e\" data-element_type=\"widget\" data-e-type=\"widget\" data-widget_type=\"icon-box.default\">\n\t\t\t\t<div class=\"elementor-widget-container\">\n\t\t\t\t\t\t\t<div class=\"elementor-icon-box-wrapper\">\n\n\t\t\t\t\t\t<div class=\"elementor-icon-box-icon\">\n\t\t\t\t<span  class=\"elementor-icon\">\n\t\t\t\t<svg aria-hidden=\"true\" class=\"e-font-icon-svg e-fas-leaf\" viewBox=\"0 0 576 512\" xmlns=\"http:\/\/www.w3.org\/2000\/svg\"><path d=\"M546.2 9.7c-5.6-12.5-21.6-13-28.3-1.2C486.9 62.4 431.4 96 368 96h-80C182 96 96 182 96 288c0 7 .8 13.7 1.5 20.5C161.3 262.8 253.4 224 384 224c8.8 0 16 7.2 16 16s-7.2 16-16 16C132.6 256 26 410.1 2.4 468c-6.6 16.3 1.2 34.9 17.5 41.6 16.4 6.8 35-1.1 41.8-17.3 1.5-3.6 20.9-47.9 71.9-90.6 32.4 43.9 94 85.8 174.9 77.2C465.5 467.5 576 326.7 576 154.3c0-50.2-10.8-102.2-29.8-144.6z\"><\/path><\/svg>\t\t\t\t<\/span>\n\t\t\t<\/div>\n\t\t\t\n\t\t\t\t\t\t<div class=\"elementor-icon-box-content\">\n\n\t\t\t\t\t\t\t\t\t<p class=\"elementor-icon-box-title\">\n\t\t\t\t\t\t<span  >\n\t\t\t\t\t\t\tProdotti freschi\t\t\t\t\t\t<\/span>\n\t\t\t\t\t<\/p>\n\t\t\t\t\n\t\t\t\t\n\t\t\t<\/div>\n\t\t\t\n\t\t<\/div>\n\t\t\t\t\t\t<\/div>\n\t\t\t\t<\/div>\n\t\t\t\t<div class=\"elementor-element elementor-element-93a5730 elementor-widget elementor-widget-text-editor\" data-id=\"93a5730\" data-element_type=\"widget\" data-e-type=\"widget\" data-widget_type=\"text-editor.default\">\n\t\t\t\t<div class=\"elementor-widget-container\">\n\t\t\t\t\t\t\t\t\t<p class=\"p1\">Venduti direttamente al consumatore nel pieno della stagione, per garantire freschezza, sapore e nutrienti intatti.<\/p>\t\t\t\t\t\t\t\t<\/div>\n\t\t\t\t<\/div>\n\t\t\t\t<div class=\"elementor-element elementor-element-974b4d9 elementor-position-inline-start elementor-view-default elementor-mobile-position-block-start elementor-widget elementor-widget-icon-box\" data-id=\"974b4d9\" data-element_type=\"widget\" data-e-type=\"widget\" data-widget_type=\"icon-box.default\">\n\t\t\t\t<div class=\"elementor-widget-container\">\n\t\t\t\t\t\t\t<div class=\"elementor-icon-box-wrapper\">\n\n\t\t\t\t\t\t<div class=\"elementor-icon-box-icon\">\n\t\t\t\t<span  class=\"elementor-icon\">\n\t\t\t\t<i aria-hidden=\"true\" class=\"icon icon-frutta-fresca\"><\/i>\t\t\t\t<\/span>\n\t\t\t<\/div>\n\t\t\t\n\t\t\t\t\t\t<div class=\"elementor-icon-box-content\">\n\n\t\t\t\t\t\t\t\t\t<h5 class=\"elementor-icon-box-title\">\n\t\t\t\t\t\t<span  >\n\t\t\t\t\t\t\tMele, fragole, mirtilli, pere, kiwi, nocciole e castagne\t\t\t\t\t\t<\/span>\n\t\t\t\t\t<\/h5>\n\t\t\t\t\n\t\t\t\t\t\t\t\t\t<p class=\"elementor-icon-box-description\">\n\t\t\t\t\t\tRaccolti a maturazione, nel loro momento migliore.\t\t\t\t\t<\/p>\n\t\t\t\t\n\t\t\t<\/div>\n\t\t\t\n\t\t<\/div>\n\t\t\t\t\t\t<\/div>\n\t\t\t\t<\/div>\n\t\t\t\t<div class=\"elementor-element elementor-element-9d24973 elementor-widget-divider--view-line elementor-widget elementor-widget-divider\" data-id=\"9d24973\" data-element_type=\"widget\" data-e-type=\"widget\" data-widget_type=\"divider.default\">\n\t\t\t\t<div class=\"elementor-widget-container\">\n\t\t\t\t\t\t\t<div class=\"elementor-divider\">\n\t\t\t<span class=\"elementor-divider-separator\">\n\t\t\t\t\t\t<\/span>\n\t\t<\/div>\n\t\t\t\t\t\t<\/div>\n\t\t\t\t<\/div>\n\t\t\t\t<div class=\"elementor-element elementor-element-f64c6d0 elementor-position-inline-start elementor-view-default elementor-mobile-position-block-start elementor-widget elementor-widget-icon-box\" data-id=\"f64c6d0\" data-element_type=\"widget\" data-e-type=\"widget\" data-widget_type=\"icon-box.default\">\n\t\t\t\t<div class=\"elementor-widget-container\">\n\t\t\t\t\t\t\t<div class=\"elementor-icon-box-wrapper\">\n\n\t\t\t\t\t\t<div class=\"elementor-icon-box-icon\">\n\t\t\t\t<span  class=\"elementor-icon\">\n\t\t\t\t<i aria-hidden=\"true\" class=\"icon icon-verdura-fresca\"><\/i>\t\t\t\t<\/span>\n\t\t\t<\/div>\n\t\t\t\n\t\t\t\t\t\t<div class=\"elementor-icon-box-content\">\n\n\t\t\t\t\t\t\t\t\t<h5 class=\"elementor-icon-box-title\">\n\t\t\t\t\t\t<span  >\n\t\t\t\t\t\t\tPatate, pomodori e zucche\t\t\t\t\t\t<\/span>\n\t\t\t\t\t<\/h5>\n\t\t\t\t\n\t\t\t\t\t\t\t\t\t<p class=\"elementor-icon-box-description\">\n\t\t\t\t\t\tDisponibili in base al ciclo naturale, sempre biologici e locali.\n\t\t\t\t\t<\/p>\n\t\t\t\t\n\t\t\t<\/div>\n\t\t\t\n\t\t<\/div>\n\t\t\t\t\t\t<\/div>\n\t\t\t\t<\/div>\n\t\t\t\t<\/div>\n\t\t\t\t\t<\/div>\n\t\t\t\t<\/div>\n\t\t<div class=\"elementor-element elementor-element-03093b4 e-flex e-con-boxed e-con e-parent\" data-id=\"03093b4\" data-element_type=\"container\" data-e-type=\"container\" data-settings=\"{&quot;background_background&quot;:&quot;classic&quot;}\">\n\t\t\t\t\t<div class=\"e-con-inner\">\n\t\t\t\t<div class=\"elementor-element elementor-element-181edf9 elementor-widget elementor-widget-heading\" data-id=\"181edf9\" data-element_type=\"widget\" data-e-type=\"widget\" data-widget_type=\"heading.default\">\n\t\t\t\t<div class=\"elementor-widget-container\">\n\t\t\t\t\t<h4 class=\"elementor-heading-title elementor-size-default\">Un modo per portare in tavola prodotti sani, buoni e davvero <b>\u201ca chilometro zero\u201d<\/b>.<\/h4>\t\t\t\t<\/div>\n\t\t\t\t<\/div>\n\t\t\t\t<div class=\"elementor-element elementor-element-974b7bc elementor-widget elementor-widget-text-editor\" data-id=\"974b7bc\" data-element_type=\"widget\" data-e-type=\"widget\" data-widget_type=\"text-editor.default\">\n\t\t\t\t<div class=\"elementor-widget-container\">\n\t\t\t\t\t\t\t\t\t<p class=\"p1\"><b>Vendita diretta <\/b>&#8211; Presso l\u2019azienda agricola o tramite mercatini e fiere.<\/p>\t\t\t\t\t\t\t\t<\/div>\n\t\t\t\t<\/div>\n\t\t\t\t\t<\/div>\n\t\t\t\t<\/div>\n\t\t<div class=\"elementor-element elementor-element-445abee e-flex e-con-boxed e-con e-parent\" data-id=\"445abee\" data-element_type=\"container\" data-e-type=\"container\" data-settings=\"{&quot;background_background&quot;:&quot;classic&quot;}\">\n\t\t\t\t\t<div class=\"e-con-inner\">\n\t\t\t\t\t<\/div>\n\t\t\t\t<\/div>\n\t\t<div class=\"elementor-element elementor-element-5252084 e-flex e-con-boxed e-con e-parent\" data-id=\"5252084\" data-element_type=\"container\" data-e-type=\"container\">\n\t\t\t\t\t<div class=\"e-con-inner\">\n\t\t\t\t<div class=\"elementor-element elementor-element-aac8270 elementor-position-inline-start elementor-mobile-position-inline-start elementor-view-default elementor-widget elementor-widget-icon-box\" data-id=\"aac8270\" data-element_type=\"widget\" data-e-type=\"widget\" data-widget_type=\"icon-box.default\">\n\t\t\t\t<div class=\"elementor-widget-container\">\n\t\t\t\t\t\t\t<div class=\"elementor-icon-box-wrapper\">\n\n\t\t\t\t\t\t<div class=\"elementor-icon-box-icon\">\n\t\t\t\t<span  class=\"elementor-icon\">\n\t\t\t\t<svg aria-hidden=\"true\" class=\"e-font-icon-svg e-fas-leaf\" viewBox=\"0 0 576 512\" xmlns=\"http:\/\/www.w3.org\/2000\/svg\"><path d=\"M546.2 9.7c-5.6-12.5-21.6-13-28.3-1.2C486.9 62.4 431.4 96 368 96h-80C182 96 96 182 96 288c0 7 .8 13.7 1.5 20.5C161.3 262.8 253.4 224 384 224c8.8 0 16 7.2 16 16s-7.2 16-16 16C132.6 256 26 410.1 2.4 468c-6.6 16.3 1.2 34.9 17.5 41.6 16.4 6.8 35-1.1 41.8-17.3 1.5-3.6 20.9-47.9 71.9-90.6 32.4 43.9 94 85.8 174.9 77.2C465.5 467.5 576 326.7 576 154.3c0-50.2-10.8-102.2-29.8-144.6z\"><\/path><\/svg>\t\t\t\t<\/span>\n\t\t\t<\/div>\n\t\t\t\n\t\t\t\t\t\t<div class=\"elementor-icon-box-content\">\n\n\t\t\t\t\t\t\t\t\t<p class=\"elementor-icon-box-title\">\n\t\t\t\t\t\t<span  >\n\t\t\t\t\t\t\tContattaci\t\t\t\t\t\t<\/span>\n\t\t\t\t\t<\/p>\n\t\t\t\t\n\t\t\t\t\n\t\t\t<\/div>\n\t\t\t\n\t\t<\/div>\n\t\t\t\t\t\t<\/div>\n\t\t\t\t<\/div>\n\t\t\t\t<div class=\"elementor-element elementor-element-1dd2fcf elementor-widget elementor-widget-heading\" data-id=\"1dd2fcf\" data-element_type=\"widget\" data-e-type=\"widget\" data-widget_type=\"heading.default\">\n\t\t\t\t<div class=\"elementor-widget-container\">\n\t\t\t\t\t<h3 class=\"elementor-heading-title elementor-size-default\">Vuoi saperne di pi\u00f9, ordinare o venirci a trovare?<br>\nSiamo felici di sentirti!<\/h3>\t\t\t\t<\/div>\n\t\t\t\t<\/div>\n\t\t\t\t<div class=\"elementor-element elementor-element-d63d7d1 elementor-widget elementor-widget-heading\" data-id=\"d63d7d1\" data-element_type=\"widget\" data-e-type=\"widget\" data-widget_type=\"heading.default\">\n\t\t\t\t<div class=\"elementor-widget-container\">\n\t\t\t\t\t<h5 class=\"elementor-heading-title elementor-size-default\">Chiamaci oppure compila il form: ti risponderemo con la stessa cura con cui coltiviamo.<\/h5>\t\t\t\t<\/div>\n\t\t\t\t<\/div>\n\t\t\t\t<div class=\"elementor-element elementor-element-b492efc elementor-widget elementor-widget-shortcode\" data-id=\"b492efc\" data-element_type=\"widget\" data-e-type=\"widget\" data-widget_type=\"shortcode.default\">\n\t\t\t\t<div class=\"elementor-widget-container\">\n\t\t\t\t\t\t\t<div class=\"elementor-shortcode\">\n<div class=\"wpcf7 no-js\" id=\"wpcf7-f2074-o1\" lang=\"it-IT\" dir=\"ltr\" data-wpcf7-id=\"2074\">\n<div class=\"screen-reader-response\"><p role=\"status\" aria-live=\"polite\" aria-atomic=\"true\"><\/p> <ul><\/ul><\/div>\n<form action=\"\/en\/wp-json\/wp\/v2\/pages\/1027#wpcf7-f2074-o1\" method=\"post\" class=\"wpcf7-form init\" aria-label=\"Modulo di contatto\" novalidate=\"novalidate\" data-status=\"init\">\n<fieldset class=\"hidden-fields-container\"><input type=\"hidden\" name=\"_wpcf7\" value=\"2074\" \/><input type=\"hidden\" name=\"_wpcf7_version\" value=\"6.1.5\" \/><input type=\"hidden\" name=\"_wpcf7_locale\" value=\"it_IT\" \/><input type=\"hidden\" name=\"_wpcf7_unit_tag\" value=\"wpcf7-f2074-o1\" \/><input type=\"hidden\" name=\"_wpcf7_container_post\" value=\"0\" \/><input type=\"hidden\" name=\"_wpcf7_posted_data_hash\" value=\"\" \/><input type=\"hidden\" name=\"_wpcf7_recaptcha_response\" value=\"\" \/>\n<\/fieldset>\n<p><label> Nome e cognome<br \/>\n<span class=\"wpcf7-form-control-wrap\" data-name=\"your-name\"><input size=\"40\" maxlength=\"400\" class=\"wpcf7-form-control wpcf7-text wpcf7-validates-as-required\" autocomplete=\"name\" aria-required=\"true\" aria-invalid=\"false\" value=\"\" type=\"text\" name=\"your-name\" \/><\/span> <\/label>\n<\/p>\n<p><label> La tua email<br \/>\n<span class=\"wpcf7-form-control-wrap\" data-name=\"your-email\"><input size=\"40\" maxlength=\"400\" class=\"wpcf7-form-control wpcf7-email wpcf7-validates-as-required wpcf7-text wpcf7-validates-as-email\" autocomplete=\"email\" aria-required=\"true\" aria-invalid=\"false\" value=\"\" type=\"email\" name=\"your-email\" \/><\/span> <\/label>\n<\/p>\n<p><label> Oggetto<br \/>\n<span class=\"wpcf7-form-control-wrap\" data-name=\"your-subject\"><input size=\"40\" maxlength=\"400\" class=\"wpcf7-form-control wpcf7-text wpcf7-validates-as-required\" aria-required=\"true\" aria-invalid=\"false\" value=\"\" type=\"text\" name=\"your-subject\" \/><\/span> <\/label>\n<\/p>\n<p><label> Il tuo messaggio (facoltativo)<br \/>\n<span class=\"wpcf7-form-control-wrap\" data-name=\"your-message\"><textarea cols=\"40\" rows=\"10\" maxlength=\"2000\" class=\"wpcf7-form-control wpcf7-textarea\" aria-invalid=\"false\" name=\"your-message\"><\/textarea><\/span> <\/label>\n<\/p>\n<p><input class=\"wpcf7-form-control wpcf7-submit has-spinner\" type=\"submit\" value=\"Invia\" \/>\n<\/p><div class=\"wpcf7-response-output\" aria-hidden=\"true\"><\/div>\n<\/form>\n<\/div>\n<\/div>\n\t\t\t\t\t\t<\/div>\n\t\t\t\t<\/div>\n\t\t\t\t\t<\/div>\n\t\t\t\t<\/div>\n\t\t<div class=\"elementor-element elementor-element-3363e03 e-flex e-con-boxed e-con e-parent\" data-id=\"3363e03\" data-element_type=\"container\" data-e-type=\"container\">\n\t\t\t\t\t<div class=\"e-con-inner\">\n\t\t<div class=\"elementor-element elementor-element-7101d8c e-con-full e-flex e-con e-child\" data-id=\"7101d8c\" data-element_type=\"container\" data-e-type=\"container\">\n\t\t\t\t<div class=\"elementor-element elementor-element-52b8a50 elementor-widget elementor-widget-image\" data-id=\"52b8a50\" data-element_type=\"widget\" data-e-type=\"widget\" data-widget_type=\"image.default\">\n\t\t\t\t<div class=\"elementor-widget-container\">\n\t\t\t\t\t\t\t\t\t\t\t\t\t\t\t<img loading=\"lazy\" decoding=\"async\" width=\"300\" height=\"250\" src=\"https:\/\/www.agricolalolmo.it\/wp-content\/uploads\/2025\/08\/prodotto-di-montagna.png\" class=\"attachment-full size-full wp-image-2105\" alt=\"prodotto di montagna\" srcset=\"https:\/\/www.agricolalolmo.it\/wp-content\/uploads\/2025\/08\/prodotto-di-montagna.png 300w, https:\/\/www.agricolalolmo.it\/wp-content\/uploads\/2025\/08\/prodotto-di-montagna-14x12.png 14w\" sizes=\"(max-width: 300px) 100vw, 300px\" \/>\t\t\t\t\t\t\t\t\t\t\t\t\t\t\t<\/div>\n\t\t\t\t<\/div>\n\t\t\t\t<\/div>\n\t\t<div class=\"elementor-element elementor-element-8b09919 e-con-full e-flex e-con e-child\" data-id=\"8b09919\" data-element_type=\"container\" data-e-type=\"container\">\n\t\t\t\t<div class=\"elementor-element elementor-element-142e305 elementor-widget elementor-widget-image\" data-id=\"142e305\" data-element_type=\"widget\" data-e-type=\"widget\" data-widget_type=\"image.default\">\n\t\t\t\t<div class=\"elementor-widget-container\">\n\t\t\t\t\t\t\t\t\t\t\t\t\t\t\t<img decoding=\"async\" src=\"https:\/\/www.agricolalolmo.it\/wp-content\/uploads\/elementor\/thumbs\/feasr-r4egfimqt46yxqww652n4d3q923379v1io7is9s75g.jpg\" title=\"feasr\" alt=\"Feasr\" loading=\"lazy\" \/>\t\t\t\t\t\t\t\t\t\t\t\t\t\t\t<\/div>\n\t\t\t\t<\/div>\n\t\t\t\t<\/div>\n\t\t\t\t\t<\/div>\n\t\t\t\t<\/div>\n\t\t\t\t<\/div>\n\t\t","protected":false},"excerpt":{"rendered":"<p>Produttori per natura Chi siamo L\u2019Azienda Agricola l\u2019Olmo \u00e8 un angolo di mondo dove il tempo segue ancora il passo [&hellip;]<\/p>\n","protected":false},"author":1,"featured_media":0,"parent":0,"menu_order":0,"comment_status":"closed","ping_status":"closed","template":"","meta":{"site-sidebar-layout":"no-sidebar","site-content-layout":"","ast-site-content-layout":"full-width-container","site-content-style":"unboxed","site-sidebar-style":"unboxed","ast-global-header-display":"","ast-banner-title-visibility":"","ast-main-header-display":"","ast-hfb-above-header-display":"","ast-hfb-below-header-display":"","ast-hfb-mobile-header-display":"","site-post-title":"disabled","ast-breadcrumbs-content":"","ast-featured-img":"disabled","footer-sml-layout":"","ast-disable-related-posts":"","theme-transparent-header-meta":"enabled","adv-header-id-meta":"","stick-header-meta":"","header-above-stick-meta":"","header-main-stick-meta":"","header-below-stick-meta":"","astra-migrate-meta-layouts":"default","ast-page-background-enabled":"default","ast-page-background-meta":{"desktop":{"background-color":"var(--ast-global-color-4)","background-image":"","background-repeat":"repeat","background-position":"center center","background-size":"auto","background-attachment":"scroll","background-type":"","background-media":"","overlay-type":"","overlay-color":"","overlay-opacity":"","overlay-gradient":""},"tablet":{"background-color":"","background-image":"","background-repeat":"repeat","background-position":"center center","background-size":"auto","background-attachment":"scroll","background-type":"","background-media":"","overlay-type":"","overlay-color":"","overlay-opacity":"","overlay-gradient":""},"mobile":{"background-color":"","background-image":"","background-repeat":"repeat","background-position":"center center","background-size":"auto","background-attachment":"scroll","background-type":"","background-media":"","overlay-type":"","overlay-color":"","overlay-opacity":"","overlay-gradient":""}},"ast-content-background-meta":{"desktop":{"background-color":"var(--ast-global-color-5)","background-image":"","background-repeat":"repeat","background-position":"center center","background-size":"auto","background-attachment":"scroll","background-type":"","background-media":"","overlay-type":"","overlay-color":"","overlay-opacity":"","overlay-gradient":""},"tablet":{"background-color":"var(--ast-global-color-5)","background-image":"","background-repeat":"repeat","background-position":"center center","background-size":"auto","background-attachment":"scroll","background-type":"","background-media":"","overlay-type":"","overlay-color":"","overlay-opacity":"","overlay-gradient":""},"mobile":{"background-color":"var(--ast-global-color-5)","background-image":"","background-repeat":"repeat","background-position":"center center","background-size":"auto","background-attachment":"scroll","background-type":"","background-media":"","overlay-type":"","overlay-color":"","overlay-opacity":"","overlay-gradient":""}},"footnotes":""},"class_list":["post-1027","page","type-page","status-publish","hentry","desktop-align-left","tablet-align-left","mobile-align-left"],"yoast_head":"<!-- This site is optimized with the Yoast SEO plugin v27.1.1 - https:\/\/yoast.com\/product\/yoast-seo-wordpress\/ -->\n<title>Azienda Agricola L&#039;Olmo | Produttori per Natura in Piemonte<\/title>\n<meta name=\"description\" content=\"Scopri l\u2019Azienda Agricola L\u2019Olmo: frutta di stagione, trasformati artigianali e agricoltura sostenibile nel cuore del Piemonte. Passione familiare e qualit\u00e0 dal campo alla tavola.\" \/>\n<meta name=\"robots\" content=\"index, follow, max-snippet:-1, max-image-preview:large, max-video-preview:-1\" \/>\n<link rel=\"canonical\" href=\"https:\/\/www.agricolalolmo.it\/en\/\" \/>\n<meta property=\"og:locale\" content=\"en_GB\" \/>\n<meta property=\"og:type\" content=\"article\" \/>\n<meta property=\"og:title\" content=\"Azienda Agricola L&#039;Olmo | Produttori per Natura in Piemonte\" \/>\n<meta property=\"og:description\" content=\"Scopri l\u2019Azienda Agricola L\u2019Olmo: frutta di stagione, trasformati artigianali e agricoltura sostenibile nel cuore del Piemonte. Passione familiare e qualit\u00e0 dal campo alla tavola.\" \/>\n<meta property=\"og:url\" content=\"https:\/\/www.agricolalolmo.it\/en\/\" \/>\n<meta property=\"og:site_name\" content=\"Agricola l&#039;olmo\" \/>\n<meta property=\"article:modified_time\" content=\"2025-09-29T13:24:08+00:00\" \/>\n<meta property=\"og:image\" content=\"https:\/\/www.agricolalolmo.it\/wp-content\/uploads\/2025\/04\/chi-siamo.jpg\" \/>\n\t<meta property=\"og:image:width\" content=\"700\" \/>\n\t<meta property=\"og:image:height\" content=\"500\" \/>\n\t<meta property=\"og:image:type\" content=\"image\/jpeg\" \/>\n<meta name=\"twitter:card\" content=\"summary_large_image\" \/>\n<meta name=\"twitter:label1\" content=\"Estimated reading time\" \/>\n\t<meta name=\"twitter:data1\" content=\"8 minutes\" \/>\n<script type=\"application\/ld+json\" class=\"yoast-schema-graph\">{\"@context\":\"https:\/\/schema.org\",\"@graph\":[{\"@type\":\"WebPage\",\"@id\":\"https:\/\/www.agricolalolmo.it\/\",\"url\":\"https:\/\/www.agricolalolmo.it\/\",\"name\":\"Azienda Agricola L'Olmo | Produttori per Natura in Piemonte\",\"isPartOf\":{\"@id\":\"https:\/\/www.agricolalolmo.it\/#website\"},\"primaryImageOfPage\":{\"@id\":\"https:\/\/www.agricolalolmo.it\/#primaryimage\"},\"image\":{\"@id\":\"https:\/\/www.agricolalolmo.it\/#primaryimage\"},\"thumbnailUrl\":\"https:\/\/www.agricolalolmo.it\/wp-content\/uploads\/2025\/04\/chi-siamo.jpg\",\"datePublished\":\"2025-04-02T07:14:33+00:00\",\"dateModified\":\"2025-09-29T13:24:08+00:00\",\"description\":\"Scopri l\u2019Azienda Agricola L\u2019Olmo: frutta di stagione, trasformati artigianali e agricoltura sostenibile nel cuore del Piemonte. Passione familiare e qualit\u00e0 dal campo alla tavola.\",\"breadcrumb\":{\"@id\":\"https:\/\/www.agricolalolmo.it\/#breadcrumb\"},\"inLanguage\":\"en-GB\",\"potentialAction\":[{\"@type\":\"ReadAction\",\"target\":[\"https:\/\/www.agricolalolmo.it\/\"]}]},{\"@type\":\"ImageObject\",\"inLanguage\":\"en-GB\",\"@id\":\"https:\/\/www.agricolalolmo.it\/#primaryimage\",\"url\":\"https:\/\/www.agricolalolmo.it\/wp-content\/uploads\/2025\/04\/chi-siamo.jpg\",\"contentUrl\":\"https:\/\/www.agricolalolmo.it\/wp-content\/uploads\/2025\/04\/chi-siamo.jpg\"},{\"@type\":\"BreadcrumbList\",\"@id\":\"https:\/\/www.agricolalolmo.it\/#breadcrumb\",\"itemListElement\":[{\"@type\":\"ListItem\",\"position\":1,\"name\":\"Home\",\"item\":\"https:\/\/www.agricolalolmo.it\/\"},{\"@type\":\"ListItem\",\"position\":2,\"name\":\"Home\"}]},{\"@type\":\"WebSite\",\"@id\":\"https:\/\/www.agricolalolmo.it\/#website\",\"url\":\"https:\/\/www.agricolalolmo.it\/\",\"name\":\"Agricola l'Olmo\",\"description\":\"Produttori per natura\",\"publisher\":{\"@id\":\"https:\/\/www.agricolalolmo.it\/#organization\"},\"potentialAction\":[{\"@type\":\"SearchAction\",\"target\":{\"@type\":\"EntryPoint\",\"urlTemplate\":\"https:\/\/www.agricolalolmo.it\/?s={search_term_string}\"},\"query-input\":{\"@type\":\"PropertyValueSpecification\",\"valueRequired\":true,\"valueName\":\"search_term_string\"}}],\"inLanguage\":\"en-GB\"},{\"@type\":\"Organization\",\"@id\":\"https:\/\/www.agricolalolmo.it\/#organization\",\"name\":\"Agricola l'Olmo\",\"url\":\"https:\/\/www.agricolalolmo.it\/\",\"logo\":{\"@type\":\"ImageObject\",\"inLanguage\":\"en-GB\",\"@id\":\"https:\/\/www.agricolalolmo.it\/#\/schema\/logo\/image\/\",\"url\":\"https:\/\/www.agricolalolmo.it\/wp-content\/uploads\/2025\/04\/logo-positivo.png\",\"contentUrl\":\"https:\/\/www.agricolalolmo.it\/wp-content\/uploads\/2025\/04\/logo-positivo.png\",\"width\":2910,\"height\":1114,\"caption\":\"Agricola l'Olmo\"},\"image\":{\"@id\":\"https:\/\/www.agricolalolmo.it\/#\/schema\/logo\/image\/\"}}]}<\/script>\n<!-- \/ Yoast SEO plugin. -->","yoast_head_json":{"title":"Azienda Agricola L'Olmo | Produttori per Natura in Piemonte","description":"Scopri l\u2019Azienda Agricola L\u2019Olmo: frutta di stagione, trasformati artigianali e agricoltura sostenibile nel cuore del Piemonte. Passione familiare e qualit\u00e0 dal campo alla tavola.","robots":{"index":"index","follow":"follow","max-snippet":"max-snippet:-1","max-image-preview":"max-image-preview:large","max-video-preview":"max-video-preview:-1"},"canonical":"https:\/\/www.agricolalolmo.it\/en\/","og_locale":"en_GB","og_type":"article","og_title":"Azienda Agricola L'Olmo | Produttori per Natura in Piemonte","og_description":"Scopri l\u2019Azienda Agricola L\u2019Olmo: frutta di stagione, trasformati artigianali e agricoltura sostenibile nel cuore del Piemonte. Passione familiare e qualit\u00e0 dal campo alla tavola.","og_url":"https:\/\/www.agricolalolmo.it\/en\/","og_site_name":"Agricola l&#039;olmo","article_modified_time":"2025-09-29T13:24:08+00:00","og_image":[{"width":700,"height":500,"url":"https:\/\/www.agricolalolmo.it\/wp-content\/uploads\/2025\/04\/chi-siamo.jpg","type":"image\/jpeg"}],"twitter_card":"summary_large_image","twitter_misc":{"Estimated reading time":"8 minutes"},"schema":{"@context":"https:\/\/schema.org","@graph":[{"@type":"WebPage","@id":"https:\/\/www.agricolalolmo.it\/","url":"https:\/\/www.agricolalolmo.it\/","name":"Azienda Agricola L'Olmo | Produttori per Natura in Piemonte","isPartOf":{"@id":"https:\/\/www.agricolalolmo.it\/#website"},"primaryImageOfPage":{"@id":"https:\/\/www.agricolalolmo.it\/#primaryimage"},"image":{"@id":"https:\/\/www.agricolalolmo.it\/#primaryimage"},"thumbnailUrl":"https:\/\/www.agricolalolmo.it\/wp-content\/uploads\/2025\/04\/chi-siamo.jpg","datePublished":"2025-04-02T07:14:33+00:00","dateModified":"2025-09-29T13:24:08+00:00","description":"Scopri l\u2019Azienda Agricola L\u2019Olmo: frutta di stagione, trasformati artigianali e agricoltura sostenibile nel cuore del Piemonte. Passione familiare e qualit\u00e0 dal campo alla tavola.","breadcrumb":{"@id":"https:\/\/www.agricolalolmo.it\/#breadcrumb"},"inLanguage":"en-GB","potentialAction":[{"@type":"ReadAction","target":["https:\/\/www.agricolalolmo.it\/"]}]},{"@type":"ImageObject","inLanguage":"en-GB","@id":"https:\/\/www.agricolalolmo.it\/#primaryimage","url":"https:\/\/www.agricolalolmo.it\/wp-content\/uploads\/2025\/04\/chi-siamo.jpg","contentUrl":"https:\/\/www.agricolalolmo.it\/wp-content\/uploads\/2025\/04\/chi-siamo.jpg"},{"@type":"BreadcrumbList","@id":"https:\/\/www.agricolalolmo.it\/#breadcrumb","itemListElement":[{"@type":"ListItem","position":1,"name":"Home","item":"https:\/\/www.agricolalolmo.it\/"},{"@type":"ListItem","position":2,"name":"Home"}]},{"@type":"WebSite","@id":"https:\/\/www.agricolalolmo.it\/#website","url":"https:\/\/www.agricolalolmo.it\/","name":"Agricola l'Olmo","description":"Producers by Nature","publisher":{"@id":"https:\/\/www.agricolalolmo.it\/#organization"},"potentialAction":[{"@type":"SearchAction","target":{"@type":"EntryPoint","urlTemplate":"https:\/\/www.agricolalolmo.it\/?s={search_term_string}"},"query-input":{"@type":"PropertyValueSpecification","valueRequired":true,"valueName":"search_term_string"}}],"inLanguage":"en-GB"},{"@type":"Organization","@id":"https:\/\/www.agricolalolmo.it\/#organization","name":"Agricola l'Olmo","url":"https:\/\/www.agricolalolmo.it\/","logo":{"@type":"ImageObject","inLanguage":"en-GB","@id":"https:\/\/www.agricolalolmo.it\/#\/schema\/logo\/image\/","url":"https:\/\/www.agricolalolmo.it\/wp-content\/uploads\/2025\/04\/logo-positivo.png","contentUrl":"https:\/\/www.agricolalolmo.it\/wp-content\/uploads\/2025\/04\/logo-positivo.png","width":2910,"height":1114,"caption":"Agricola l'Olmo"},"image":{"@id":"https:\/\/www.agricolalolmo.it\/#\/schema\/logo\/image\/"}}]}},"_links":{"self":[{"href":"https:\/\/www.agricolalolmo.it\/en\/wp-json\/wp\/v2\/pages\/1027","targetHints":{"allow":["GET"]}}],"collection":[{"href":"https:\/\/www.agricolalolmo.it\/en\/wp-json\/wp\/v2\/pages"}],"about":[{"href":"https:\/\/www.agricolalolmo.it\/en\/wp-json\/wp\/v2\/types\/page"}],"author":[{"embeddable":true,"href":"https:\/\/www.agricolalolmo.it\/en\/wp-json\/wp\/v2\/users\/1"}],"replies":[{"embeddable":true,"href":"https:\/\/www.agricolalolmo.it\/en\/wp-json\/wp\/v2\/comments?post=1027"}],"version-history":[{"count":421,"href":"https:\/\/www.agricolalolmo.it\/en\/wp-json\/wp\/v2\/pages\/1027\/revisions"}],"predecessor-version":[{"id":2877,"href":"https:\/\/www.agricolalolmo.it\/en\/wp-json\/wp\/v2\/pages\/1027\/revisions\/2877"}],"wp:attachment":[{"href":"https:\/\/www.agricolalolmo.it\/en\/wp-json\/wp\/v2\/media?parent=1027"}],"curies":[{"name":"wp","href":"https:\/\/api.w.org\/{rel}","templated":true}]}}